{"id":1590,"date":"2020-06-30T10:49:28","date_gmt":"2020-06-30T10:49:28","guid":{"rendered":"http:\/\/www.gangodvaznych.cz\/?page_id=1590"},"modified":"2025-11-24T18:23:31","modified_gmt":"2025-11-24T18:23:31","slug":"jak-prezit-v-civilizaci","status":"publish","type":"page","link":"https:\/\/www.gangodvaznych.cz\/index.php\/jak-prezit-v-civilizaci\/","title":{"rendered":"Jak p\u0159e\u017e\u00edt v civilizaci"},"content":{"rendered":"<p>&nbsp;<\/p>\n<p><img loading=\"lazy\" decoding=\"async\" class=\" wp-image-1503 alignleft\" src=\"http:\/\/www.gangodvaznych.cz\/wp-content\/uploads\/2019\/03\/Ruka-noci-podan\u00e1-199x300.jpg\" alt=\"\" width=\"250\" height=\"377\" srcset=\"https:\/\/www.gangodvaznych.cz\/wp-content\/uploads\/2019\/03\/Ruka-noci-podan\u00e1-199x300.jpg 199w, https:\/\/www.gangodvaznych.cz\/wp-content\/uploads\/2019\/03\/Ruka-noci-podan\u00e1-768x1155.jpg 768w, https:\/\/www.gangodvaznych.cz\/wp-content\/uploads\/2019\/03\/Ruka-noci-podan\u00e1-681x1024.jpg 681w, https:\/\/www.gangodvaznych.cz\/wp-content\/uploads\/2019\/03\/Ruka-noci-podan\u00e1-300x451.jpg 300w, https:\/\/www.gangodvaznych.cz\/wp-content\/uploads\/2019\/03\/Ruka-noci-podan\u00e1-850x1278.jpg 850w, https:\/\/www.gangodvaznych.cz\/wp-content\/uploads\/2019\/03\/Ruka-noci-podan\u00e1.jpg 1840w\" sizes=\"auto, (max-width: 250px) 100vw, 250px\" \/>C\u00edlek, V\u00e1clav \u2013 \u0160mikm\u00e1tor, Ferdinand a kol. <em>Ruka noci podan\u00e1. Z\u00e1klady rodinn\u00e9 a krizov\u00e9 p\u0159ipravenosti<\/em>. Doko\u0159\u00e1n 2018. 407 stran<\/p>\n<p>Obs\u00e1hl\u00e1 studie o p\u0159\u00edprav\u011b na p\u0159e\u017eit\u00ed. Psychologick\u00fd pohled. P\u0159\u00edklady z&nbsp;historie. Osobn\u00ed p\u0159\u00edprava. P\u0159ipravenost spole\u010dnosti. Osam\u011bl\u00e9 cesty. Krize pohledem policisty. Blackout. Epidemie. Praktick\u00e1 \u010d\u00e1st \u2013 rady, jak se p\u0159ipravit na p\u0159e\u017eit\u00ed p\u0159i nejr\u016fzn\u011bj\u0161\u00edch kriz\u00edch p\u0159\u00edrodn\u00edho i spole\u010densk\u00e9ho charakteru.<\/p>\n<p>&nbsp;<\/p>\n<p>&nbsp;<\/p>\n<p>&nbsp;<\/p>\n<p>&nbsp;<\/p>\n<p>&nbsp;<\/p>\n<p>&nbsp;<\/p>\n<p><img loading=\"lazy\" decoding=\"async\" class=\" wp-image-1593 alignleft\" src=\"http:\/\/www.gangodvaznych.cz\/wp-content\/uploads\/2020\/06\/Jak-p\u0159e\u017e\u00edt-v-zajet\u00ed-a-na-\u00fat\u011bku-237x300.jpg\" alt=\"\" width=\"250\" height=\"316\" srcset=\"https:\/\/www.gangodvaznych.cz\/wp-content\/uploads\/2020\/06\/Jak-p\u0159e\u017e\u00edt-v-zajet\u00ed-a-na-\u00fat\u011bku-237x300.jpg 237w, https:\/\/www.gangodvaznych.cz\/wp-content\/uploads\/2020\/06\/Jak-p\u0159e\u017e\u00edt-v-zajet\u00ed-a-na-\u00fat\u011bku-768x973.jpg 768w, https:\/\/www.gangodvaznych.cz\/wp-content\/uploads\/2020\/06\/Jak-p\u0159e\u017e\u00edt-v-zajet\u00ed-a-na-\u00fat\u011bku-808x1024.jpg 808w, https:\/\/www.gangodvaznych.cz\/wp-content\/uploads\/2020\/06\/Jak-p\u0159e\u017e\u00edt-v-zajet\u00ed-a-na-\u00fat\u011bku-300x380.jpg 300w, https:\/\/www.gangodvaznych.cz\/wp-content\/uploads\/2020\/06\/Jak-p\u0159e\u017e\u00edt-v-zajet\u00ed-a-na-\u00fat\u011bku-850x1077.jpg 850w\" sizes=\"auto, (max-width: 250px) 100vw, 250px\" \/>Fowler, Will. <em>Jak p\u0159e\u017e\u00edt v&nbsp;zajet\u00ed a na \u00fat\u011bku. P\u0159\u00edru\u010dka speci\u00e1ln\u00edch jednotek. Na\u0161e vojsko 2008.<\/em><\/p>\n<p>Techniky \u00fat\u011bku ze zajet\u00ed. \u00danik p\u0159ed pron\u00e1sledov\u00e1n\u00edm. P\u0159e\u017eit\u00ed v&nbsp;n\u00e1ro\u010dn\u00fdch klimatick\u00fdch podm\u00ednk\u00e1ch. Konkr\u00e9tn\u00ed rady a zku\u0161enosti. 192 stran. Dopln\u011bno 120 fotografiemi.<\/p>\n<p>&nbsp;<\/p>\n<p>&nbsp;<\/p>\n<p>&nbsp;<\/p>\n<p>&nbsp;<\/p>\n<p>&nbsp;<\/p>\n<p>&nbsp;<\/p>\n<p><img loading=\"lazy\" decoding=\"async\" class=\"wp-image-1551 alignleft\" src=\"http:\/\/www.gangodvaznych.cz\/wp-content\/uploads\/2019\/03\/Tajn\u00e9-mise-300x192.jpg\" alt=\"\" width=\"250\" height=\"391\">Grohmannov\u00e1, Judith. <em>Tajn\u00e9 mise. Co za\u017e\u00edvaj\u00ed speci\u00e1ln\u00ed policejn\u00ed jednotky v&nbsp;boji proti zlo\u010dinu a teroru.<\/em> Kni\u017en\u00ed klub 2017. 240 stran<\/p>\n<p>Co jsou elitn\u00ed policejn\u00ed jednotky. Vysvobozov\u00e1n\u00ed rukojm\u00ed. Nasazen\u00ed proti organizovan\u00e9mu zlo\u010dinu. Boj proti terorismu. Ochrana d\u016fle\u017eit\u00fdch osob a c\u00edl\u016f. Speci\u00e1ln\u00ed v\u00fdcvik, psychologick\u00e9 \u0161kolen\u00ed, nejnebezpe\u010dn\u011bj\u0161\u00ed z\u00e1sahy, vyrovn\u00e1v\u00e1n\u00ed se s&nbsp;traumatick\u00fdmi z\u00e1\u017eitky. Z\u00e1znamy konkr\u00e9tn\u00edch z\u00e1sah\u016f po cel\u00e9m sv\u011bt\u011b.<\/p>\n<p>&nbsp;<\/p>\n<p>&nbsp;<\/p>\n<p>&nbsp;<\/p>\n<p>&nbsp;<\/p>\n<p>&nbsp;<\/p>\n<p>&nbsp;<\/p>\n<p><img loading=\"lazy\" decoding=\"async\" class=\" wp-image-1481 alignleft\" src=\"http:\/\/www.gangodvaznych.cz\/wp-content\/uploads\/2019\/03\/Ochrana-\u010dl-za-mimo\u0159-ud\u00e1l_-Sebeobrana-213x300.jpg\" alt=\"\" width=\"250\" height=\"352\" srcset=\"https:\/\/www.gangodvaznych.cz\/wp-content\/uploads\/2019\/03\/Ochrana-\u010dl-za-mimo\u0159-ud\u00e1l_-Sebeobrana-213x300.jpg 213w, https:\/\/www.gangodvaznych.cz\/wp-content\/uploads\/2019\/03\/Ochrana-\u010dl-za-mimo\u0159-ud\u00e1l_-Sebeobrana-768x1081.jpg 768w, https:\/\/www.gangodvaznych.cz\/wp-content\/uploads\/2019\/03\/Ochrana-\u010dl-za-mimo\u0159-ud\u00e1l_-Sebeobrana-727x1024.jpg 727w, https:\/\/www.gangodvaznych.cz\/wp-content\/uploads\/2019\/03\/Ochrana-\u010dl-za-mimo\u0159-ud\u00e1l_-Sebeobrana-300x422.jpg 300w, https:\/\/www.gangodvaznych.cz\/wp-content\/uploads\/2019\/03\/Ochrana-\u010dl-za-mimo\u0159-ud\u00e1l_-Sebeobrana-850x1197.jpg 850w, https:\/\/www.gangodvaznych.cz\/wp-content\/uploads\/2019\/03\/Ochrana-\u010dl-za-mimo\u0159-ud\u00e1l_-Sebeobrana.jpg 1702w\" sizes=\"auto, (max-width: 250px) 100vw, 250px\" \/>Horsk\u00e1, Viola \u2013 Mar\u00e1dov\u00e1, Eva \u2013 Sl\u00e1vik, Du\u0161an. <em>Sebeobrana a vz\u00e1jemn\u00e1 pomoc. Ochrana \u010dlov\u011bka za mimo\u0159\u00e1dn\u00fdch ud\u00e1lost\u00ed.<\/em> Fortuna, Praha 2002. 40 stran.<\/p>\n<p>Mimo\u0159\u00e1dn\u00e9 ud\u00e1losti. Jak poznat hroz\u00edc\u00ed nebezpe\u010d\u00ed. Ochrana obyvatel. Z\u00e1sady prvn\u00ed pomoci p\u0159i vzniku mimo\u0159\u00e1dn\u00e9 ud\u00e1losti.<\/p>\n<p>Dopl\u0148kov\u00fd se\u0161it pro ob\u010danskou a rodinnou v\u00fdchovu na Z\u0160. Jednoduch\u00e9 n\u00e1\u010drty a tabulky.<\/p>\n<p>&nbsp;<\/p>\n<p>&nbsp;<\/p>\n<p>&nbsp;<\/p>\n<p>&nbsp;<\/p>\n<p>&nbsp;<\/p>\n<p><img loading=\"lazy\" decoding=\"async\" class=\"wp-image-749 alignleft\" src=\"http:\/\/www.gangodvaznych.cz\/wp-content\/uploads\/2019\/03\/Leteck\u00e1-p\u0159\u00edru\u010dka-p\u0159e\u017eit\u00ed-219x300.jpg\" alt=\"\" width=\"246\" height=\"337\" srcset=\"https:\/\/www.gangodvaznych.cz\/wp-content\/uploads\/2019\/03\/Leteck\u00e1-p\u0159\u00edru\u010dka-p\u0159e\u017eit\u00ed-219x300.jpg 219w, https:\/\/www.gangodvaznych.cz\/wp-content\/uploads\/2019\/03\/Leteck\u00e1-p\u0159\u00edru\u010dka-p\u0159e\u017eit\u00ed-768x1052.jpg 768w, https:\/\/www.gangodvaznych.cz\/wp-content\/uploads\/2019\/03\/Leteck\u00e1-p\u0159\u00edru\u010dka-p\u0159e\u017eit\u00ed-748x1024.jpg 748w, https:\/\/www.gangodvaznych.cz\/wp-content\/uploads\/2019\/03\/Leteck\u00e1-p\u0159\u00edru\u010dka-p\u0159e\u017eit\u00ed.jpg 1559w\" sizes=\"auto, (max-width: 246px) 100vw, 246px\" \/>Kol. Leteck\u00e1 p\u0159\u00edru\u010dka p\u0159e\u017eit\u00ed. P\u0159\u00edru\u010dka speci\u00e1ln\u00edch jednotek. Na\u0161e vojsko 2016.<\/p>\n<p>Kapesn\u00ed form\u00e1t. N\u00e1zorn\u00e9 \u010dernob\u00edl\u00e9 n\u00e1kresy. Zku\u0161enosti a rady bojov\u00fdch letc\u016f. (P\u0159ist\u00e1n\u00ed, \u00fakryty, maskov\u00e1n\u00ed, pohyb v&nbsp;ter\u00e9nu, signalizace, voda, j\u00eddlo, sp\u00e1nek).<\/p>\n<p>&nbsp;<\/p>\n<p>&nbsp;<\/p>\n<p>&nbsp;<\/p>\n<p>&nbsp;<\/p>\n<p>&nbsp;<\/p>\n<p>&nbsp;<\/p>\n<p><img loading=\"lazy\" decoding=\"async\" class=\"wp-image-1491 alignleft\" src=\"http:\/\/www.gangodvaznych.cz\/wp-content\/uploads\/2019\/03\/Kurz-p\u0159e\u017eit\u00ed-ve-m\u011bst\u011b-238x300.jpg\" alt=\"\" width=\"248\" height=\"313\" srcset=\"https:\/\/www.gangodvaznych.cz\/wp-content\/uploads\/2019\/03\/Kurz-p\u0159e\u017eit\u00ed-ve-m\u011bst\u011b-238x300.jpg 238w, https:\/\/www.gangodvaznych.cz\/wp-content\/uploads\/2019\/03\/Kurz-p\u0159e\u017eit\u00ed-ve-m\u011bst\u011b-768x968.jpg 768w, https:\/\/www.gangodvaznych.cz\/wp-content\/uploads\/2019\/03\/Kurz-p\u0159e\u017eit\u00ed-ve-m\u011bst\u011b-813x1024.jpg 813w, https:\/\/www.gangodvaznych.cz\/wp-content\/uploads\/2019\/03\/Kurz-p\u0159e\u017eit\u00ed-ve-m\u011bst\u011b-300x378.jpg 300w, https:\/\/www.gangodvaznych.cz\/wp-content\/uploads\/2019\/03\/Kurz-p\u0159e\u017eit\u00ed-ve-m\u011bst\u011b-850x1071.jpg 850w\" sizes=\"auto, (max-width: 248px) 100vw, 248px\" \/>McNab, Chris \u2013 Rabiger, Joanna. <em>Kurz p\u0159e\u017eit\u00ed ve m\u011bst\u011b<\/em>. IFP Publishing 2018. 191 stran.<\/p>\n<p>Jak se chr\u00e1nit p\u0159ed teroristick\u00fdmi \u00fatoky, napaden\u00edm, kr\u00e1de\u017eemi, p\u0159\u00edrodn\u00edmi katastrofami, po\u017e\u00e1ry a p\u0159ed ka\u017edodenn\u00edm nebezpe\u010d\u00edm. Zabezpe\u010den\u00ed dom\u00e1cnosti. Sebeobrana. Bezpe\u010d\u00ed na ulici. V&nbsp;dopravn\u00edch prost\u0159edc\u00edch. Terorismus. P\u0159\u00edrodn\u00ed a soci\u00e1ln\u00ed katastrofy. Prvn\u00ed pomoc.<\/p>\n<p>P\u0159ehledn\u011b uspo\u0159\u00e1dan\u00e1 slovn\u00edkov\u00e1 hesla. Tematick\u00e9 \u0159azen\u00ed. N\u00e1zorn\u00e9 ilustrace.<\/p>\n<p>&nbsp;<\/p>\n<p>&nbsp;<\/p>\n<p>&nbsp;<\/p>\n<p><img loading=\"lazy\" decoding=\"async\" class=\"wp-image-1646 alignleft\" src=\"http:\/\/www.gangodvaznych.cz\/wp-content\/uploads\/2020\/08\/Um\u00edte-se-br\u00e1nit-300x191.jpg\" alt=\"\" width=\"249\" height=\"391\">N\u00e1chodsk\u00fd, Zden\u011bk \u2013 Honz\u00edk Jaroslav. <em>Um\u00edte se br\u00e1nit?<\/em> Na\u0161e vojsko 1987. 184 stran.<\/p>\n<p>P\u0159\u00edru\u010dka z\u00e1klad\u016f sebeobrany. Profesn\u00ed sebeobrana. Sebeobrana a z\u00e1kon. Prost\u0159edky \u0159e\u0161en\u00ed situace. Taktick\u00e9 prvky. Citliv\u00e1 m\u00edsta. N\u00e1cvik pohybov\u00e9 techniky. \u00dahozy, kopy, p\u00e1\u010den\u00ed.&nbsp; Obrana proti r\u016fzn\u00fdm druh\u016fm a zp\u016fsob\u016fm napaden\u00ed. Obrana proti r\u016fzn\u00fdm \u00fachop\u016fm a proti rdou\u0161en\u00ed. Technika bezpe\u010dn\u00fdch p\u00e1d\u016f jako prost\u0159edk\u016f p\u0159ed zran\u011bn\u00edm. Podrobn\u00e9 popisy k&nbsp;n\u00e1cviku jsou dopln\u011bn\u00e9 \u010dernob\u00edl\u00fdmi fotografiemi.<\/p>\n<p>&nbsp;<\/p>\n<p>&nbsp;<\/p>\n<p>&nbsp;<\/p>\n<p>&nbsp;<\/p>\n<p>&nbsp;<\/p>\n<p>&nbsp;<\/p>\n<p><img loading=\"lazy\" decoding=\"async\" class=\"wp-image-1629 alignleft\" src=\"http:\/\/www.gangodvaznych.cz\/wp-content\/uploads\/2020\/06\/Lexikon-osobn\u00ed-ochrany-214x300.jpg\" alt=\"\" width=\"249\" height=\"349\" srcset=\"https:\/\/www.gangodvaznych.cz\/wp-content\/uploads\/2020\/06\/Lexikon-osobn\u00ed-ochrany-214x300.jpg 214w, https:\/\/www.gangodvaznych.cz\/wp-content\/uploads\/2020\/06\/Lexikon-osobn\u00ed-ochrany-768x1074.jpg 768w, https:\/\/www.gangodvaznych.cz\/wp-content\/uploads\/2020\/06\/Lexikon-osobn\u00ed-ochrany-732x1024.jpg 732w, https:\/\/www.gangodvaznych.cz\/wp-content\/uploads\/2020\/06\/Lexikon-osobn\u00ed-ochrany-300x420.jpg 300w, https:\/\/www.gangodvaznych.cz\/wp-content\/uploads\/2020\/06\/Lexikon-osobn\u00ed-ochrany-850x1189.jpg 850w, https:\/\/www.gangodvaznych.cz\/wp-content\/uploads\/2020\/06\/Lexikon-osobn\u00ed-ochrany.jpg 1746w\" sizes=\"auto, (max-width: 249px) 100vw, 249px\" \/>Pol\u00e1k, Jaroslav. <em>Lexikon osobn\u00ed ochrany 1<\/em>. Nakladatelstv\u00ed Nagual 2000. 158 stran.<\/p>\n<p>P\u0159\u00edru\u010dka bezpe\u010dnostn\u00ed a detektivn\u00ed agentury. Internetov\u00e1 bezpe\u010dnost, bodyguard, t\u00fdmov\u00e1 ochrana, bojov\u00e1 um\u011bn\u00ed, terorismus, bezpe\u010dnost na stadionech, survival, \u00fat\u011bk, zabezpe\u010den\u00ed domova.<\/p>\n<p>&nbsp;<\/p>\n<p>&nbsp;<\/p>\n<p>&nbsp;<\/p>\n<p>&nbsp;<\/p>\n<p>&nbsp;<\/p>\n<p>&nbsp;<\/p>\n<p><img loading=\"lazy\" decoding=\"async\" class=\"wp-image-1630 alignleft\" src=\"http:\/\/www.gangodvaznych.cz\/wp-content\/uploads\/2020\/06\/P\u0159e\u017e\u00edt-nebo-zem\u0159\u00edt-202x300.jpg\" alt=\"\" width=\"247\" height=\"367\" srcset=\"https:\/\/www.gangodvaznych.cz\/wp-content\/uploads\/2020\/06\/P\u0159e\u017e\u00edt-nebo-zem\u0159\u00edt-202x300.jpg 202w, https:\/\/www.gangodvaznych.cz\/wp-content\/uploads\/2020\/06\/P\u0159e\u017e\u00edt-nebo-zem\u0159\u00edt-768x1141.jpg 768w, https:\/\/www.gangodvaznych.cz\/wp-content\/uploads\/2020\/06\/P\u0159e\u017e\u00edt-nebo-zem\u0159\u00edt-689x1024.jpg 689w, https:\/\/www.gangodvaznych.cz\/wp-content\/uploads\/2020\/06\/P\u0159e\u017e\u00edt-nebo-zem\u0159\u00edt-300x446.jpg 300w, https:\/\/www.gangodvaznych.cz\/wp-content\/uploads\/2020\/06\/P\u0159e\u017e\u00edt-nebo-zem\u0159\u00edt-850x1263.jpg 850w, https:\/\/www.gangodvaznych.cz\/wp-content\/uploads\/2020\/06\/P\u0159e\u017e\u00edt-nebo-zem\u0159\u00edt.jpg 1714w\" sizes=\"auto, (max-width: 247px) 100vw, 247px\" \/>P\u0159ichystal, Ale\u0161. <em>P\u0159e\u017e\u00edt nebo zem\u0159\u00edt<\/em>. <em>Manu\u00e1l pro p\u0159e\u017eit\u00ed ve zl\u00fdch \u010dasech<\/em>. \u010cesk\u00e1 citadela 2019. 264 stran.<\/p>\n<p>P\u0159ehledn\u011b strukturovan\u00e1 kniha pro vyznava\u010de prepperstv\u00ed podrobn\u011b popisuje, jak se p\u0159ipravit na nenad\u00e1l\u00e9 \u017eivot ohro\u017euj\u00edc\u00ed situace, jako je blackout, ekonomick\u00fd kolaps spole\u010dnosti, glob\u00e1ln\u00ed p\u0159\u00edrodn\u00ed katastrofa nebo v\u00e1le\u010dn\u00fd konflikt.<\/p>\n<p>&nbsp;<\/p>\n<p>&nbsp;<\/p>\n<p>&nbsp;<\/p>\n<p>&nbsp;<\/p>\n<p>&nbsp;<\/p>\n<p>&nbsp;<\/p>\n<p><img loading=\"lazy\" decoding=\"async\" class=\"wp-image-1631 alignleft\" src=\"http:\/\/www.gangodvaznych.cz\/wp-content\/uploads\/2020\/06\/Sebeobrana-pro-\u017eeny-204x300.jpg\" alt=\"\" width=\"247\" height=\"363\" srcset=\"https:\/\/www.gangodvaznych.cz\/wp-content\/uploads\/2020\/06\/Sebeobrana-pro-\u017eeny-204x300.jpg 204w, https:\/\/www.gangodvaznych.cz\/wp-content\/uploads\/2020\/06\/Sebeobrana-pro-\u017eeny-768x1129.jpg 768w, https:\/\/www.gangodvaznych.cz\/wp-content\/uploads\/2020\/06\/Sebeobrana-pro-\u017eeny-696x1024.jpg 696w, https:\/\/www.gangodvaznych.cz\/wp-content\/uploads\/2020\/06\/Sebeobrana-pro-\u017eeny-300x441.jpg 300w, https:\/\/www.gangodvaznych.cz\/wp-content\/uploads\/2020\/06\/Sebeobrana-pro-\u017eeny-850x1250.jpg 850w, https:\/\/www.gangodvaznych.cz\/wp-content\/uploads\/2020\/06\/Sebeobrana-pro-\u017eeny.jpg 1967w\" sizes=\"auto, (max-width: 247px) 100vw, 247px\" \/>R\u00fd\u010d, Bed\u0159ich \u2013 Petr\u016f, Veronika. <em>Sebeobrana pro \u017eeny<\/em>. Grada 2010. 192 stran.<\/p>\n<p>72 konkr\u00e9tn\u00edch situac\u00ed napaden\u00ed a n\u00e1vod, jak se ubr\u00e1nit. Ka\u017ed\u00fd krok je detailn\u011b popsan\u00fd a doprov\u00e1zen\u00fd \u010dernob\u00edlou fotografi\u00ed. Sebeobrana, typy \u00fato\u010dn\u00edk\u016f, obrana proti \u00fachopu, proti \u0161krcen\u00ed, proti kr\u00e1de\u017ei kabelky, proti \u00fatoku no\u017eem. Obrana s&nbsp;vyu\u017eit\u00edm p\u0159edm\u011bt\u016f denn\u00ed pot\u0159eby.<\/p>\n<p>&nbsp;<\/p>\n<p>&nbsp;<\/p>\n<p>&nbsp;<\/p>\n<p>&nbsp;<\/p>\n<p>&nbsp;<\/p>\n<p><img loading=\"lazy\" decoding=\"async\" class=\"wp-image-1552 alignleft\" src=\"http:\/\/www.gangodvaznych.cz\/wp-content\/uploads\/2019\/03\/Hon-na-\u010dlov\u011bka-218x300.jpg\" alt=\"\" width=\"249\" height=\"343\" srcset=\"https:\/\/www.gangodvaznych.cz\/wp-content\/uploads\/2019\/03\/Hon-na-\u010dlov\u011bka-218x300.jpg 218w, https:\/\/www.gangodvaznych.cz\/wp-content\/uploads\/2019\/03\/Hon-na-\u010dlov\u011bka-768x1059.jpg 768w, https:\/\/www.gangodvaznych.cz\/wp-content\/uploads\/2019\/03\/Hon-na-\u010dlov\u011bka-743x1024.jpg 743w, https:\/\/www.gangodvaznych.cz\/wp-content\/uploads\/2019\/03\/Hon-na-\u010dlov\u011bka-300x414.jpg 300w, https:\/\/www.gangodvaznych.cz\/wp-content\/uploads\/2019\/03\/Hon-na-\u010dlov\u011bka-850x1172.jpg 850w, https:\/\/www.gangodvaznych.cz\/wp-content\/uploads\/2019\/03\/Hon-na-\u010dlov\u011bka.jpg 1556w\" sizes=\"auto, (max-width: 249px) 100vw, 249px\" \/>Stilwell, Alexander. <em>Hon na \u010dlov\u011bka. P\u00e1tr\u00e1n\u00ed po lidsk\u00fdch c\u00edlech &amp; Obrana proti p\u00e1tr\u00e1n\u00ed a sledov\u00e1n\u00ed.<\/em> P\u0159\u00edru\u010dka speci\u00e1ln\u00edch jednotek. Na\u0161e vojsko 2016. 312 stran.<\/p>\n<p>Z\u00e1kladn\u00ed v\u00fdcvik. Lov, \u010dten\u00ed stop, jak b\u00fdt neviditeln\u00fd, tr\u00e9nink vytrvalosti, sledov\u00e1n\u00ed \u010dlov\u011bka, jak skr\u00fdt stopy, jak zm\u00e1st pron\u00e1sledovatele, \u00fat\u011bk ze zajet\u00ed, z\u00e1sady p\u00e1tr\u00e1n\u00ed v&nbsp;ter\u00e9nu, maskov\u00e1n\u00ed, jak nevzbudit pozornost, z\u00e1sady sledov\u00e1n\u00ed, modern\u00ed p\u00e1trac\u00ed technika, zajet\u00ed a v\u00fdslech, \u00fanik p\u0159ed psem. Konkr\u00e9tn\u00ed p\u0159\u00edpadov\u00e9 studie. Dopln\u011bno \u010dernob\u00edl\u00fdmi n\u00e1kresy.<\/p>\n<p>&nbsp;<\/p>\n<p>&nbsp;<\/p>\n<p>&nbsp;<\/p>\n<p>&nbsp;<\/p>\n<p><img loading=\"lazy\" decoding=\"async\" class=\"wp-image-4691 alignleft\" src=\"http:\/\/www.gangodvaznych.cz\/wp-content\/uploads\/2025\/11\/Jak-prezit-nasilny-utok-184x300.jpg\" alt=\"\" width=\"250\" height=\"408\" srcset=\"https:\/\/www.gangodvaznych.cz\/wp-content\/uploads\/2025\/11\/Jak-prezit-nasilny-utok-184x300.jpg 184w, https:\/\/www.gangodvaznych.cz\/wp-content\/uploads\/2025\/11\/Jak-prezit-nasilny-utok-627x1024.jpg 627w, https:\/\/www.gangodvaznych.cz\/wp-content\/uploads\/2025\/11\/Jak-prezit-nasilny-utok-768x1255.jpg 768w, https:\/\/www.gangodvaznych.cz\/wp-content\/uploads\/2025\/11\/Jak-prezit-nasilny-utok-940x1536.jpg 940w, https:\/\/www.gangodvaznych.cz\/wp-content\/uploads\/2025\/11\/Jak-prezit-nasilny-utok-1254x2048.jpg 1254w, https:\/\/www.gangodvaznych.cz\/wp-content\/uploads\/2025\/11\/Jak-prezit-nasilny-utok-300x490.jpg 300w, https:\/\/www.gangodvaznych.cz\/wp-content\/uploads\/2025\/11\/Jak-prezit-nasilny-utok-850x1388.jpg 850w, https:\/\/www.gangodvaznych.cz\/wp-content\/uploads\/2025\/11\/Jak-prezit-nasilny-utok-scaled.jpg 1567w\" sizes=\"auto, (max-width: 250px) 100vw, 250px\" \/>\u0160\u00e1ndor, Andor. <em>Jak p\u0159e\u017e\u00edt n\u00e1siln\u00fd \u00fatok<\/em>. Autreo 2024. 128 stran.<\/p>\n<p>N\u00e1siln\u00e9 \u00fatoky: St\u0159elec. Bomba. Auto naj\u00ed\u017ed\u011bj\u00edc\u00ed do lid\u00ed. \u00danos letadla. Dal\u0161\u00ed hrozby: Blackout. Hrozby na cest\u00e1ch. Nebezpe\u010d\u00ed na internetu. Z\u00e1kladn\u00ed pravidla, kter\u00e1 zv\u00fd\u0161\u00ed \u0161anci na p\u0159e\u017eit\u00ed. Rady, n\u00e1vody, upozorn\u011bn\u00ed, doporu\u010den\u00ed. Stru\u010dn\u011b, p\u0159ehledn\u011b, v&nbsp;bodech. USB: Ute\u010d &#8211; Schovej se &#8211; Bojuj.<\/p>\n<p>&nbsp;<\/p>\n<p>&nbsp;<\/p>\n<p>&nbsp;<\/p>\n<p>&nbsp;<\/p>\n<p>&nbsp;<\/p>\n<p>&nbsp;<\/p>\n<p><img loading=\"lazy\" decoding=\"async\" class=\"wp-image-1487 alignleft\" src=\"http:\/\/www.gangodvaznych.cz\/wp-content\/uploads\/2019\/03\/Jak-p\u0159e\u017e\u00edt-nejen-teroristick\u00fd-\u00fatok-214x300.jpg\" alt=\"\" width=\"250\" height=\"351\" srcset=\"https:\/\/www.gangodvaznych.cz\/wp-content\/uploads\/2019\/03\/Jak-p\u0159e\u017e\u00edt-nejen-teroristick\u00fd-\u00fatok-214x300.jpg 214w, https:\/\/www.gangodvaznych.cz\/wp-content\/uploads\/2019\/03\/Jak-p\u0159e\u017e\u00edt-nejen-teroristick\u00fd-\u00fatok-768x1077.jpg 768w, https:\/\/www.gangodvaznych.cz\/wp-content\/uploads\/2019\/03\/Jak-p\u0159e\u017e\u00edt-nejen-teroristick\u00fd-\u00fatok-730x1024.jpg 730w, https:\/\/www.gangodvaznych.cz\/wp-content\/uploads\/2019\/03\/Jak-p\u0159e\u017e\u00edt-nejen-teroristick\u00fd-\u00fatok-300x421.jpg 300w, https:\/\/www.gangodvaznych.cz\/wp-content\/uploads\/2019\/03\/Jak-p\u0159e\u017e\u00edt-nejen-teroristick\u00fd-\u00fatok-850x1192.jpg 850w, https:\/\/www.gangodvaznych.cz\/wp-content\/uploads\/2019\/03\/Jak-p\u0159e\u017e\u00edt-nejen-teroristick\u00fd-\u00fatok.jpg 2004w\" sizes=\"auto, (max-width: 250px) 100vw, 250px\" \/>\u0160\u00e1ndor, Andor. <em>Jak p\u0159e\u017e\u00edt nejen teroristick\u00fd \u00fatok<\/em>. Autreo 2017. 72 stran<\/p>\n<p>Teroristick\u00fd \u00fatok. Bomba. St\u0159elec. Auto naj\u00ed\u017ed\u011bj\u00edc\u00ed do davu. \u00danos letadla.<br \/>\nBlackout. Hrozby na cest\u00e1ch. \u00danosy. Zem\u011bt\u0159esen\u00ed a tsunami. Nebezpe\u010d\u00ed v&nbsp;kyberprostoru.<\/p>\n<p>Rady gener\u00e1la \u0160\u00e1ndora, b\u00fdval\u00e9ho n\u00e1\u010deln\u00edka Vojensk\u00e9 zpravodajsk\u00e9 slu\u017eby \u010cesk\u00e9 republiky a poradce v&nbsp;oblasti bezpe\u010dnosti.<\/p>\n<p>P\u0159ehledn\u011b v&nbsp;bodech. S&nbsp;vyu\u017eit\u00edm konkr\u00e9tn\u00edch p\u0159\u00edpad\u016f z&nbsp;praxe.<\/p>\n<p>&nbsp;<\/p>\n<p>&nbsp;<\/p>\n<p>&nbsp;<\/p>\n<p><img loading=\"lazy\" decoding=\"async\" class=\"wp-image-1906 alignleft\" src=\"http:\/\/www.gangodvaznych.cz\/wp-content\/uploads\/2020\/12\/Potom_\u0160mikm\u00e1tor-217x300.jpg\" alt=\"\" width=\"250\" height=\"346\" srcset=\"https:\/\/www.gangodvaznych.cz\/wp-content\/uploads\/2020\/12\/Potom_\u0160mikm\u00e1tor-217x300.jpg 217w, https:\/\/www.gangodvaznych.cz\/wp-content\/uploads\/2020\/12\/Potom_\u0160mikm\u00e1tor-768x1063.jpg 768w, https:\/\/www.gangodvaznych.cz\/wp-content\/uploads\/2020\/12\/Potom_\u0160mikm\u00e1tor-740x1024.jpg 740w, https:\/\/www.gangodvaznych.cz\/wp-content\/uploads\/2020\/12\/Potom_\u0160mikm\u00e1tor-300x415.jpg 300w, https:\/\/www.gangodvaznych.cz\/wp-content\/uploads\/2020\/12\/Potom_\u0160mikm\u00e1tor-850x1176.jpg 850w, https:\/\/www.gangodvaznych.cz\/wp-content\/uploads\/2020\/12\/Potom_\u0160mikm\u00e1tor.jpg 1721w\" sizes=\"auto, (max-width: 250px) 100vw, 250px\" \/>\u0160mikm\u00e1tor, Ferdinand. <em>Potom. Konec sv\u011bta, jak ho zn\u00e1me<\/em>. CPress 2020. 456 stran.<\/p>\n<p>Praktick\u00e1 p\u0159\u00edru\u010dka pro p\u0159e\u017eit\u00ed. Jak bychom si m\u011bli po\u010d\u00ednat POTOM (po zhroucen\u00ed civilizace, v&nbsp;n\u00ed\u017e jsme zvykl\u00ed \u017e\u00edt). M\u016f\u017ee p\u0159ij\u00edt nezn\u00e1m\u00fd virus, blackout, ekonomick\u00fd kolaps, katastrof\u00e1ln\u00ed sucho, v\u00e1lka\u2026 jak p\u0159e\u017eijeme bez proudu, p\u0159\u00edsunu zbo\u017e\u00ed do obchod\u016f\u2026 Kniha p\u0159in\u00e1\u0161\u00ed rozs\u00e1hl\u00fd soubor rad a informac\u00ed, jak si poradit v&nbsp;mimo\u0159\u00e1dn\u00fdch situac\u00edch a p\u0159e\u017e\u00edt: Psychick\u00e1 p\u0159\u00edprava, vyhodnocen\u00ed situace, p\u0159e\u017eit\u00ed v&nbsp;obydlen\u00fdch a neobydlen\u00fdch m\u00edstech, zaji\u0161t\u011bn\u00ed \u010dist\u00e9ho vzduchu, vody, z\u00edsk\u00e1v\u00e1n\u00ed potravy, zdrav\u00ed, bezpe\u010dnost, materi\u00e1ln\u00ed vybaven\u00ed (n\u00e1stroje, od\u011bv, uchov\u00e1v\u00e1n\u00ed informac\u00ed), obydl\u00ed, va\u0159en\u00ed, teplo a sv\u011btlo, doprava.<\/p>\n<p>&nbsp;<\/p>\n<p>&nbsp;<\/p>\n<p>&nbsp;<\/p>\n<p><img loading=\"lazy\" decoding=\"async\" class=\"wp-image-1627 alignleft\" src=\"http:\/\/www.gangodvaznych.cz\/wp-content\/uploads\/2020\/06\/Jak-p\u0159e\u017e\u00edt-konec-civilizace-300x212.jpg\" alt=\"\" width=\"251\" height=\"355\">Vo\u017eick\u00e1, Magdalena. <em>Jak p\u0159e\u017e\u00edt konec civilizace<\/em>. Motto 2013. 271 stran.<\/p>\n<p>Typick\u00e1 p\u0159\u00edru\u010dka pro preppery, kte\u0159\u00ed se p\u0159ipravuj\u00ed na nejr\u016fzn\u011bj\u0161\u00ed varianty konce sv\u011bta. Praktick\u00e9 a vtipn\u00e9 rady pro p\u0159\u00edpad, \u017ee bychom p\u0159i\u0161li o vymo\u017eenosti civilizace, se v\u0161ak mohou hodit i na cest\u00e1ch, nebo p\u0159i mimo\u0159\u00e1dn\u00fdch situac\u00edch, kdy by z&nbsp;n\u011bjak\u00e9ho d\u016fvodu na \u010das selhala infrastruktura, a my bychom mohli b\u00fdt odk\u00e1zan\u00ed na letit\u00e9 zku\u0161enosti a samoz\u00e1sobitelsk\u00fd um na\u0161ich p\u0159edk\u016f.<\/p>\n","protected":false},"excerpt":{"rendered":"<p>&nbsp; C\u00edlek, V\u00e1clav \u2013 \u0160mikm\u00e1tor, Ferdinand a kol. Ruka noci podan\u00e1. Z\u00e1klady rodinn\u00e9 a krizov\u00e9 p\u0159ipravenosti. Doko\u0159\u00e1n 2018. 407 stran Obs\u00e1hl\u00e1 studie o p\u0159\u00edprav\u011b na p\u0159e\u017eit\u00ed. Psychologick\u00fd pohled. P\u0159\u00edklady z&nbsp;historie. Osobn\u00ed p\u0159\u00edprava. P\u0159ipravenost spole\u010dnosti. Osam\u011bl\u00e9 cesty. Krize pohledem policisty. Blackout. Epidemie. Praktick\u00e1 \u010d\u00e1st \u2013 rady, jak se p\u0159ipravit na p\u0159e\u017eit\u00ed p\u0159i nejr\u016fzn\u011bj\u0161\u00edch kriz\u00edch p\u0159\u00edrodn\u00edho i&#8230;<\/p>\n","protected":false},"author":1,"featured_media":0,"parent":0,"menu_order":0,"comment_status":"closed","ping_status":"closed","template":"","meta":{"ngg_post_thumbnail":0,"footnotes":""},"class_list":["post-1590","page","type-page","status-publish","hentry"],"_links":{"self":[{"href":"https:\/\/www.gangodvaznych.cz\/index.php\/wp-json\/wp\/v2\/pages\/1590","targetHints":{"allow":["GET"]}}],"collection":[{"href":"https:\/\/www.gangodvaznych.cz\/index.php\/wp-json\/wp\/v2\/pages"}],"about":[{"href":"https:\/\/www.gangodvaznych.cz\/index.php\/wp-json\/wp\/v2\/types\/page"}],"author":[{"embeddable":true,"href":"https:\/\/www.gangodvaznych.cz\/index.php\/wp-json\/wp\/v2\/users\/1"}],"replies":[{"embeddable":true,"href":"https:\/\/www.gangodvaznych.cz\/index.php\/wp-json\/wp\/v2\/comments?post=1590"}],"version-history":[{"count":11,"href":"https:\/\/www.gangodvaznych.cz\/index.php\/wp-json\/wp\/v2\/pages\/1590\/revisions"}],"predecessor-version":[{"id":4693,"href":"https:\/\/www.gangodvaznych.cz\/index.php\/wp-json\/wp\/v2\/pages\/1590\/revisions\/4693"}],"wp:attachment":[{"href":"https:\/\/www.gangodvaznych.cz\/index.php\/wp-json\/wp\/v2\/media?parent=1590"}],"curies":[{"name":"wp","href":"https:\/\/api.w.org\/{rel}","templated":true}]}}