{"id":26,"date":"2019-03-23T10:49:50","date_gmt":"2019-03-23T10:49:50","guid":{"rendered":"http:\/\/www.gangodvaznych.cz\/?page_id=26"},"modified":"2019-05-03T12:50:33","modified_gmt":"2019-05-03T12:50:33","slug":"nevinna-lavina","status":"publish","type":"page","link":"https:\/\/www.gangodvaznych.cz\/index.php\/nevinna-lavina\/","title":{"rendered":"GO! &#8211; Nevinn\u00e1 lavina"},"content":{"rendered":"\r\n<div class=\"wp-block-image\">\r\n<figure class=\"alignleft is-resized\"><img loading=\"lazy\" decoding=\"async\" class=\"wp-image-415\" src=\"http:\/\/www.gangodvaznych.cz\/wp-content\/uploads\/2019\/03\/Obalka_Lavina-717x1024.jpg\" alt=\"\" width=\"358\" height=\"510\" srcset=\"https:\/\/www.gangodvaznych.cz\/wp-content\/uploads\/2019\/03\/Obalka_Lavina-717x1024.jpg 717w, https:\/\/www.gangodvaznych.cz\/wp-content\/uploads\/2019\/03\/Obalka_Lavina-210x300.jpg 210w, https:\/\/www.gangodvaznych.cz\/wp-content\/uploads\/2019\/03\/Obalka_Lavina-768x1097.jpg 768w\" sizes=\"auto, (max-width: 358px) 100vw, 358px\" \/><\/figure>\r\n<\/div>\r\n\r\n<p>Mariana, Jon\u00e1\u0161, Tim, Hardy a dvoj\u010data Alfa a Beta se sj\u00ed\u017ed\u011bj\u00ed do Krkono\u0161, aby str\u00e1vili p\u0159\u00edjemn\u00fd t\u00fdden na ly\u017e\u00edch. Hned prvn\u00ed den se vydaj\u00ed na V\u00fdrovku, kde m\u00e1 b\u00fdt v\u011bt\u0161ina party ubytovan\u00e1. Kr\u00e1tk\u00e1 cesta se zm\u011bn\u00ed v ne\u010dekan\u00e9 drama prudk\u00fdm zvratem slune\u010dn\u00e9ho po\u010das\u00ed v husou sn\u011bhovou v\u00e1nici. Stm\u00edv\u00e1 se a chata je v nedohlednu. Na chvilku sejdou z cesty a ty\u010dov\u00e9 zna\u010den\u00ed u\u017e nemohou nal\u00e9zt. A to netu\u0161\u00ed, \u017ee je vyhl\u00e1\u0161eno lavinov\u00e9 nebezpe\u010d\u00ed. P\u0159e\u017eije Gang odv\u00e1\u017en\u00fdch mrazivou noc v zasn\u011b\u017een\u00e9 krajin\u011b?<\/p>\r\n<p>&nbsp;<\/p>\r\n<p>&nbsp;<\/p>\r\n<p>&nbsp;<\/p>\r\n<p>&nbsp;<\/p>\r\n<p>&nbsp;<\/p>\r\n\r\n<ul class=\"wp-block-list\">\r\n<li>Rok vyd\u00e1n\u00ed: 2017<\/li>\r\n<li>Naps\u00e1no: 2017<\/li>\r\n<li>Stran:&nbsp;112<\/li>\r\n<li>\u017d\u00e1nr:&nbsp;dobrodru\u017en\u00e9 p\u0159\u00edb\u011bhy<\/li>\r\n<li>Ilustr\u00e1tor:&nbsp;Maty\u00e1\u0161 Namai<\/li>\r\n<li>Nakladatel:&nbsp;Albatros<\/li>\r\n<li>N\u00e1klad: \/<\/li>\r\n<li>ISBN&nbsp;978-80-00-04858-1<\/li>\r\n<li>Pozn\u00e1mka 1: Kniha ze s\u00e9rie&nbsp;<em>GO!<\/em>&nbsp;(Gang odv\u00e1\u017en\u00fdch). Dal\u0161\u00ed d\u00edly:&nbsp;<em><a href=\"http:\/\/www.brezinova.cz\/go-ztraceni-ve-vlnach\/\">Ztraceni ve vln\u00e1ch<\/a>,&nbsp;<a href=\"http:\/\/www.brezinova.cz\/go-ve-sparech-dzungle\/\">Ve sp\u00e1rech d\u017eungle<\/a><\/em><\/li>\r\n<li>Pozn\u00e1mka 2: Sou\u010d\u00e1st\u00ed knihy jsou Z\u00e1sady p\u0159e\u017eit\u00ed p\u0159i&nbsp;zabloud\u011bn\u00ed v hor\u00e1ch<\/li>\r\n<\/ul>\r\n<p>&nbsp;<\/p>\r\n<p>MAPA M\u00cdSTA, KDE SE P\u0158\u00cdB\u011aH ODEHR\u00c1V\u00c1:<\/p>\r\n<p><a href=\"http:\/\/www.brezinova.cz\/go-nevinna-lavina\/lavina_predsadka_mapa\/\" rel=\"attachment wp-att-8177\"><img loading=\"lazy\" decoding=\"async\" class=\"alignnone size-full wp-image-8177\" src=\"http:\/\/www.brezinova.cz\/wp-content\/uploads\/2017\/11\/Lavina_p%C5%99eds%C3%A1dka_mapa-e1511359882646.jpg\" sizes=\"auto, (max-width: 2172px) 100vw, 2172px\" srcset=\"http:\/\/www.brezinova.cz\/wp-content\/uploads\/2017\/11\/Lavina_p\u0159eds\u00e1dka_mapa-e1511359882646.jpg 2172w, http:\/\/www.brezinova.cz\/wp-content\/uploads\/2017\/11\/Lavina_p\u0159eds\u00e1dka_mapa-e1511359882646-300x229.jpg 300w, http:\/\/www.brezinova.cz\/wp-content\/uploads\/2017\/11\/Lavina_p\u0159eds\u00e1dka_mapa-e1511359882646-768x587.jpg 768w, http:\/\/www.brezinova.cz\/wp-content\/uploads\/2017\/11\/Lavina_p\u0159eds\u00e1dka_mapa-e1511359882646-1024x783.jpg 1024w, http:\/\/www.brezinova.cz\/wp-content\/uploads\/2017\/11\/Lavina_p\u0159eds\u00e1dka_mapa-e1511359882646-624x477.jpg 624w\" alt=\"\" width=\"2172\" height=\"1661\"><\/a><\/p>\r\n<p>ANOTACE:<br>Mariana, Jon\u00e1\u0161, Tim, Hardy a dvoj\u010data Alfa a Beta se sj\u00ed\u017ed\u011bj\u00ed do Krkono\u0161, aby str\u00e1vili p\u0159\u00edjemn\u00fd t\u00fdden na ly\u017e\u00edch. Hned prvn\u00ed den se vydaj\u00ed na V\u00fdrovku, kde m\u00e1 b\u00fdt v\u011bt\u0161ina party ubytovan\u00e1. Kr\u00e1tk\u00e1 cesta se zm\u011bn\u00ed v ne\u010dekan\u00e9 drama prudk\u00fdm zvratem slune\u010dn\u00e9ho po\u010das\u00ed v husou sn\u011bhovou v\u00e1nici. Stm\u00edv\u00e1 se a chata je v nedohlednu \u2013 \u0161estice je donucena p\u0159ekonat mrazivou noc venku. P\u0159e\u017eije Gang odv\u00e1\u017en\u00fdch, kdy\u017e na hor\u00e1ch nav\u00edc hroz\u00ed laviny?<\/p>\r\n<p>UK\u00c1ZKA:<\/p>\r\n<p><a href=\"http:\/\/www.brezinova.cz\/go-nevinna-lavina\/lavina_39-001\/\" rel=\"attachment wp-att-8217\"><img loading=\"lazy\" decoding=\"async\" class=\"wp-image-8217 alignright\" src=\"http:\/\/www.brezinova.cz\/wp-content\/uploads\/2017\/11\/Lavina_39-001.jpg\" sizes=\"auto, (max-width: 264px) 100vw, 264px\" srcset=\"http:\/\/www.brezinova.cz\/wp-content\/uploads\/2017\/11\/Lavina_39-001.jpg 629w, http:\/\/www.brezinova.cz\/wp-content\/uploads\/2017\/11\/Lavina_39-001-199x300.jpg 199w, http:\/\/www.brezinova.cz\/wp-content\/uploads\/2017\/11\/Lavina_39-001-624x940.jpg 624w\" alt=\"\" width=\"264\" height=\"398\"><\/a>Znovu nam\u00e1hav\u011b vykro\u010dili. Bojovali o ka\u017ed\u00fd metr, aby u\u017e z&nbsp;t\u00e9hle \u0161lamastiky byli kone\u010dn\u011b venku.<\/p>\r\n<p>\u201eHrozn\u011b se to smek\u00e1,\u201c pobrek\u00e1vala Beta.<\/p>\r\n<p>Vtom Alfa, kter\u00e1 \u0161la p\u0159ed n\u00ed hned za Timem, upadla a Tima st\u00e1hla na zem s&nbsp;sebou. Hardy uc\u00edtil tah na opasku a v\u0161\u00ed silou se zap\u0159el h\u016flkami do svahu, aby p\u00e1d kamar\u00e1d\u016f za sebou udr\u017eel. U\u017e se zd\u00e1lo, \u017ee to zvl\u00e1dne, kdy\u017e jedna z&nbsp;h\u016flek praskla. Hardy zakol\u00edsal a v&nbsp;p\u0159\u00ed\u0161t\u00ed chv\u00edli klouzal dol\u016f za Timem a Alfou.<\/p>\r\n<p>\u201ePozor! Pad\u00e1me!\u201c k\u0159i\u010del Hardy.<\/p>\r\n<p>Padaj\u00edc\u00ed skupinka vz\u00e1p\u011bt\u00ed strhla i Betu. Zd\u00e1lo se nevyhnuteln\u00e9, \u017ee postupn\u011b spadnou v\u0161ichni. Kluzk\u00e9 bundy na ledu naberou rychlost a v\u0161ichni se z\u0159\u00edt\u00ed po str\u00e1ni dol\u016f.<\/p>\r\n<p>Jon\u00e1\u0161ovi prol\u00edtly hlavou mikroz\u00e1blesky my\u0161lenek. Zaseknout cep\u00edn! Nem\u00e1m. Zap\u0159\u00edt se nohama, aby se ma\u010dky zakously do ledu. Nem\u00e1m ma\u010dky! H\u016flky jsou na nic. Chytit se! \u010cehokoliv! Honem! Hned!<\/p>\r\n<p><a href=\"http:\/\/www.brezinova.cz\/go-nevinna-lavina\/lavina_41\/\" rel=\"attachment wp-att-8178\"><img loading=\"lazy\" decoding=\"async\" class=\"wp-image-8178 alignleft\" src=\"http:\/\/www.brezinova.cz\/wp-content\/uploads\/2017\/11\/Lavina_41.jpg\" sizes=\"auto, (max-width: 366px) 100vw, 366px\" srcset=\"http:\/\/www.brezinova.cz\/wp-content\/uploads\/2017\/11\/Lavina_41.jpg 976w, http:\/\/www.brezinova.cz\/wp-content\/uploads\/2017\/11\/Lavina_41-300x261.jpg 300w, http:\/\/www.brezinova.cz\/wp-content\/uploads\/2017\/11\/Lavina_41-768x668.jpg 768w, http:\/\/www.brezinova.cz\/wp-content\/uploads\/2017\/11\/Lavina_41-624x543.jpg 624w\" alt=\"\" width=\"366\" height=\"318\"><\/a>Mariana napjala v\u0161echny svaly a p\u0159ipravila se na prudk\u00e9 \u0161kubnut\u00ed. Stejn\u011b m\u011bla vte\u0159inu pocit, \u017ee j\u00ed trhnut\u00ed vykloubilo ruku. Jon\u00e1\u0161 toti\u017e v&nbsp;posledn\u00ed chv\u00edli sko\u010dil stranou a ve\u0161kerou silou, kterou v&nbsp;sob\u011b m\u011bl, se chytil km\u00ednku n\u00edzk\u00e9 kle\u010de. V&nbsp;hust\u00e9m sn\u011b\u017een\u00ed ji sp\u00ed\u0161 tu\u0161il, ne\u017e vid\u011bl, ale byla tam. Te\u010f ji pevn\u011b sv\u00edral prsty a doufal, \u017ee se udr\u017e\u00ed. Vn\u00edmal, jak se mu dlouh\u00e1 \u0161\u00e1la, kter\u00e1 ho spojovala s&nbsp;Marianou, za\u0159ez\u00e1v\u00e1 do pasu, a podv\u011bdom\u011b c\u00edtil, jak se vln\u011bn\u00e1 vl\u00e1kna nap\u00ednaj\u00ed k&nbsp;prasknut\u00ed. Ale n\u00e1hle tah povolil.<\/p>\r\n<p>Jon\u00e1\u0161 se b\u00e1l, jestli se zbytek skupiny neutrhl. N\u011bkter\u00e1 \u0161\u00e1la, \u0161\u00e1tek, uzel nebo spona na opasku mohly povolit. Na\u0161t\u011bst\u00ed to bylo jinak. Hardymu se kone\u010dn\u011b poda\u0159ilo zabrzdit a t\u011blem zastavit p\u00e1d ostatn\u00edch.<\/p>\r\n<p>\u201eJsme v\u0161ichni?\u201c k\u0159ikl Jon\u00e1\u0161 rozechv\u011ble, kdy\u017e si troufl rozev\u0159\u00edt prsty a pustit se km\u00ednku kle\u010de.<\/p>\r\n<p>\u201eJo.\u201c<\/p>\r\n<p>\u201eA cel\u00ed?\u201c uji\u0161\u0165ovala se Mariana.<\/p>\r\n<p>Postupn\u011b se oz\u00fdvali je\u0161t\u011b se t\u0159esouc\u00edmi hlasy. Posledn\u00ed Hardy.<\/p>\r\n<p>\u201eC\u00edt\u00edm se jako po sr\u00e1\u017ece s&nbsp;trojhlav\u00fdm nosoro\u017ecem,\u201c hekl. \u201eAle na kousky zat\u00edm nejsem.\u201c<\/p>\r\n<p>Postupn\u011b se slezli do t\u011bsn\u00e9ho hlou\u010dku.<\/p>\r\n<p>\u201eCo te\u010f?\u201c vzpamatoval se jako prvn\u00ed Tim. \u201eSklouzli jsme zp\u00e1tky o p\u011bkn\u00fdch p\u00e1r metr\u016f.\u201c<\/p>\r\n<p>\u201eAni si netrouf\u00e1m odhadnout o kolik,\u201c p\u0159iznal Hardy.<\/p>\r\n<p>\u201eJ\u00e1 u\u017e nahoru nelezu,\u201c rozbre\u010dela se Beta.<\/p>\r\n<p>V\u0161ichni v\u010detn\u011b Hardyho \u010dekali, \u017ee si te\u010f vezme slovo Alfa a po\u0159\u00e1dn\u011b to dvoj\u010deti vytmav\u00ed. K&nbsp;p\u0159ekvapen\u00ed v\u0161ech se Alfa p\u0159ihl\u00e1sila nezvykle tich\u00fdm hlasem, sotva ji v&nbsp;bur\u00e1cen\u00ed v\u011btru sly\u0161eli.<\/p>\r\n<p>\u201eJ\u00e1 u\u017e taky nem\u016f\u017eu.\u201c<\/p>\r\n<p>\u201eHolky!\u201c vyjekl Jon\u00e1\u0161. \u201eNem\u016f\u017eeme to p\u0159ece vzd\u00e1t. Jsme Gang odv\u00e1\u017en\u00fdch. Mus\u00edme se zvednout a j\u00edt. P\u016fjdeme pomalu a opatrn\u011b. Tentokr\u00e1t se n\u00e1m to ur\u010dit\u011b poda\u0159\u00ed.\u201c<\/p>\r\n<p>\u201eJd\u011bte sami,\u201c hlesla Alfa. \u201eJ\u00e1 d\u00e1l nejdu.\u201c<\/p>\r\n<p>\u201eMysl\u00edm, \u017ee je \u010das si p\u0159iznat, \u017ee pot\u0159ebujeme pomoc,\u201c vzala si slovo Mariana. \u201eNev\u00edm, jak dlouho u\u017e tady takhle blbneme, ale m\u00e1m dojem, \u017ee rodi\u010de n\u00e1s pomalu za\u010dnou postr\u00e1dat. Vlastn\u011b se div\u00edm, \u017ee n\u00e1m je\u0161t\u011b nikdo nevolal.\u201c<\/p>\r\n<p>\u201eT\u00e1ta p\u0159ece volal,\u201c ozval se Tim zadrhl\u00fdm chrapotem. \u201e\u0158ekl jsem mu, \u017ee jsme p\u0159ed chatou. No, v\u017edy\u0165 u\u017e jsme tam skoro byli, na dohled,\u201c dodal zoufale. \u201eKdybych neupustil mobil, tak\u2026\u201c<\/p>\r\n<p>\u201eM\u00ed rodi\u010de jsou na sjezdovce,\u201c podotkl Jon\u00e1\u0161. \u201eI kdy\u017e\u2026 v&nbsp;tomhle po\u010das\u00ed\u2026 nev\u00edm.\u201c<\/p>\r\n<p>\u201eS na\u0161ima jsme domluven\u00ed, \u017ee si zavol\u00e1me ve\u010der,\u201c \u0159ekl Hardy. \u201eDo t\u00fd doby nemaj\u00ed d\u016fvod se znepokojovat.\u201c<\/p>\r\n<p>\u201eA moj\u00ed m\u00e1m\u011b je od r\u00e1na \u0161patn\u011b. Mo\u017en\u00e1 sp\u00ed,\u201c uzav\u0159ela Mariana. \u201eTak\u017ee se vlastn\u011b nem\u016f\u017eeme divit, \u017ee zat\u00edm nikdo nevolal,\u201c shrnul to Jon\u00e1\u0161. \u201eNa\u0161t\u011bst\u00ed. Zbyte\u010dn\u011b by panika\u0159ili.\u201c<\/p>\r\n<p>\u201eTo je mo\u017en\u00fd,\u201c nam\u00edtla Mariana, \u201eale jestli se tu je\u0161t\u011b n\u011bjakou dobu budeme marn\u011b sna\u017eit vy\u0161plhat na zna\u010denou cestu, za\u010dneme panika\u0159it my. A to bych v\u00e1\u017en\u011b nerada. Tak\u017ee vol\u00e1m. Souhlas\u00edte?\u201c<\/p>\r\n<p>\u201eMariana m\u00e1 pravdu,\u201c zabru\u010del Hardy. \u201eVolej,\u201c k\u00fdvl na ni. \u201eN\u011bkdo n\u00e1m mus\u00ed p\u0159ij\u00edt na pomoc.\u201c<\/p>\r\n<p>Mariana vylovila z&nbsp;kapsy mobil a zapnula ho. Nic.<\/p>\r\n<p>\u201eCo je?\u201c broukla nespokojen\u011b a pokusila se \u00fakon zopakovat. Zase nic. \u201eTo nen\u00ed mo\u017en\u00fd! Do\u0161la baterka,\u201c vrt\u011bla nech\u00e1pav\u011b hlavou. \u201eJe\u0161t\u011b r\u00e1no jsem m\u011bla \u0161edes\u00e1t procent.\u201c<\/p>\r\n<p>\u201eSledovala jsi na n\u011bm celej p\u0159enos Horsk\u00fd slu\u017eby,\u201c p\u0159ipomn\u011bl Tim. \u201eA pak jste se je\u0161t\u011b cestou s&nbsp;holkama furt fotily.\u201c<\/p>\r\n<p>\u201eNo jo vlastn\u011b,\u201c popadla se Mariana za hlavu. \u201eTe\u010f si vzpom\u00edn\u00e1m, \u017ee mi p\u0159i posledn\u00edm focen\u00ed probliklo upozorn\u011bn\u00ed, \u017ee m\u00e1m mobil zapojit do nab\u00edje\u010dky. Myslela jsem, \u017ee to vydr\u017e\u00ed. Sakra!\u201c<\/p>\r\n<p>\u201eFunk\u010dnost baterie v&nbsp;chladu rychle kles\u00e1. Uv\u00e1d\u00ed se, \u017ee\u2026 tak nic,\u201c zmlkl rad\u0161i Tim, kdy\u017e zachytil Hardyho v\u00fdhr\u016f\u017en\u00fd pohled.<\/p>\r\n<p>Na teoretick\u00e9 p\u0159edn\u00e1\u0161ky o \u017eivotnosti bateri\u00ed tu nikdo nem\u011bl n\u00e1ladu.<\/p>\r\n<p>\u201eVol\u00e1m j\u00e1,\u201c ozn\u00e1mil Hardy a s\u00e1hl do kapsy.<\/p>\r\n<p>Ruka mu ale z\u016fstala uvnit\u0159 a obli\u010dej mu podivn\u011b ztuhl.<\/p>\r\n<p>\u201eHardy?\u201c<\/p>\r\n<p>Hardy s\u00e1hl do druh\u00e9 kapsy. Pak do obou n\u00e1prsn\u00edch kapes a znovu do kapes na boc\u00edch.<\/p>\r\n<p>\u201eHardy!\u201c<\/p>\r\n<p>Pantomima se v&nbsp;rychl\u00e9m sledu opakovala. Hardy se pl\u00e1cal do hrudi i do bok\u016f, ale sm\u00edchy to nebylo.<\/p>\r\n<p>\u201eHardy, nechce\u0161 n\u00e1m \u0159\u00edct, \u017ee mobil nem\u00e1\u0161, vi\u010f, \u017ee ne?\u201c za\u0161eptala Mariana st\u00edsn\u011bn\u00fdm hlasem.<\/p>\r\n<p>\u201eJ\u00e1\u2026 asi mi vypadl, jak jsem prozv\u00e1n\u011bl ten Tim\u016fv. Nebo jak jsme klouzali dol\u016f. Sakra! Sakra, sakra, sakra!!!\u201c<\/p>\r\n<p><a href=\"http:\/\/www.brezinova.cz\/go-nevinna-lavina\/lavina_noc\/\" rel=\"attachment wp-att-8179\"><img loading=\"lazy\" decoding=\"async\" class=\"alignnone wp-image-8179\" src=\"http:\/\/www.brezinova.cz\/wp-content\/uploads\/2017\/11\/Lavina_noc-e1511361029585.jpg\" sizes=\"auto, (max-width: 361px) 100vw, 361px\" srcset=\"http:\/\/www.brezinova.cz\/wp-content\/uploads\/2017\/11\/Lavina_noc-e1511361029585.jpg 926w, http:\/\/www.brezinova.cz\/wp-content\/uploads\/2017\/11\/Lavina_noc-e1511361029585-300x198.jpg 300w, http:\/\/www.brezinova.cz\/wp-content\/uploads\/2017\/11\/Lavina_noc-e1511361029585-768x508.jpg 768w, http:\/\/www.brezinova.cz\/wp-content\/uploads\/2017\/11\/Lavina_noc-e1511361029585-624x412.jpg 624w\" alt=\"\" width=\"361\" height=\"238\"><\/a><\/p>\r\n<p>P\u0159e\u017eil bys situaci, do jak\u00e9 se dostal Gang odv\u00e1\u017en\u00fdch? Pro jistotu si v z\u00e1v\u011bru knihy prostuduj Z\u00e1sady p\u0159e\u017eit\u00ed p\u0159i zabloud\u011bn\u00ed v hor\u00e1ch.<\/p>\r\n<p><a href=\"http:\/\/www.brezinova.cz\/go-nevinna-lavina\/lavina_zasady_preziti-001\/\" rel=\"attachment wp-att-8182\"><img loading=\"lazy\" decoding=\"async\" class=\"alignnone wp-image-8182\" src=\"http:\/\/www.brezinova.cz\/wp-content\/uploads\/2017\/11\/Lavina_Z%C3%A1sady_p%C5%99e%C5%BEit%C3%AD-001.jpg\" sizes=\"auto, (max-width: 210px) 100vw, 210px\" srcset=\"http:\/\/www.brezinova.cz\/wp-content\/uploads\/2017\/11\/Lavina_Z\u00e1sady_p\u0159e\u017eit\u00ed-001.jpg 987w, http:\/\/www.brezinova.cz\/wp-content\/uploads\/2017\/11\/Lavina_Z\u00e1sady_p\u0159e\u017eit\u00ed-001-191x300.jpg 191w, http:\/\/www.brezinova.cz\/wp-content\/uploads\/2017\/11\/Lavina_Z\u00e1sady_p\u0159e\u017eit\u00ed-001-768x1209.jpg 768w, http:\/\/www.brezinova.cz\/wp-content\/uploads\/2017\/11\/Lavina_Z\u00e1sady_p\u0159e\u017eit\u00ed-001-650x1024.jpg 650w, http:\/\/www.brezinova.cz\/wp-content\/uploads\/2017\/11\/Lavina_Z\u00e1sady_p\u0159e\u017eit\u00ed-001-624x982.jpg 624w\" alt=\"\" width=\"210\" height=\"331\"><\/a><\/p>\r\n<p>RECENZE 1:<\/p>\r\n<h4><a href=\"https:\/\/www.knizniklub.cz\/literarni-kavarna\/recenze\/nevinna-lavina.html\">\u010cten\u00e1\u0159sk\u00e1 recenze: Ivona B\u0159ezinov\u00e1 \u2013 Nevinn\u00e1 lavina<\/a><\/h4>\r\n<p><span class=\"a-item__create-date\">10.5.2018<\/span><\/p>\r\n<p>V edici Gang odv\u00e1\u017en\u00fdch je tady dal\u0161\u00ed d\u00edl o dobrodru\u017estv\u00ed, ve kter\u00e9m jde o \u017eivot, a tentokr\u00e1t se p\u0159\u00edb\u011bh odehr\u00e1v\u00e1 v Krkono\u0161\u00edch. I \u010desk\u00e9 hory toti\u017e dok\u00e1\u017eou p\u011bkn\u011b nep\u0159\u00edjemn\u011b p\u0159ekvapit a z mal\u00e9ho v\u00fdletu se vlivem zm\u011bny po\u010das\u00ed, nedostate\u010dn\u00e9 v\u00fdbavy a zku\u0161enost\u00ed m\u016f\u017ee st\u00e1t boj o hol\u00fd \u017eivot. Poveden\u00e1 \u0161estice d\u011btsk\u00fdch kamar\u00e1d\u016f se sejde na hor\u00e1ch, aby si p\u011bkn\u011b u\u017eili b\u0159eznovou ly\u017eova\u010dku. Za\u017eili spolu u\u017e p\u011bkn\u011b dobrodru\u017en\u00e9 putov\u00e1n\u00ed, kdy\u017e s nimi uplaval z\u00e1chrann\u00fd \u010dlun na mo\u0159i, a oni m\u011bli na kah\u00e1nku, a tak maj\u00ed k sob\u011b n\u011bjak vnit\u0159n\u011b bl\u00ed\u017ee, ne\u017e jin\u00e9 d\u011bti.<\/p>\r\n<div class=\"recenze-full user-recenze-full-cr-0 no-images\">\r\n<p>Mariana, Jon\u00e1\u0161, Tim, Hardy a dvoj\u010data Alfa a Beta si u\u017e\u00edvaj\u00ed na hor\u00e1ch spoustu sn\u011bhu, ly\u017eov\u00e1n\u00ed a tak\u00e9 z\u00e1bavu, ke kter\u00e9 pat\u0159\u00ed uk\u00e1zkov\u00e9 cvi\u010den\u00ed Horsk\u00e9 slu\u017eby, ve kter\u00e9m nechyb\u00ed vyhled\u00e1v\u00e1n\u00ed zasypan\u00fdch lid\u00ed v&nbsp;lavin\u011b nejen perfektn\u011b sehran\u00fdm t\u00fdmem Horsk\u00e9 slu\u017eby, jejich psy, ale i za pou\u017eit\u00ed modern\u00ed techniky \u2013 dronu. Ten dok\u00e1\u017ee nejen monitorovat ter\u00e9n, ale p\u0159\u00edpadn\u011b i dopravit l\u00e9ky, tekutiny a potraviny do \u0161patn\u011b dostupn\u00fdch oblast\u00ed. D\u011btem se cvi\u010den\u00ed moc l\u00edb\u00ed. Hardy se nech\u00e1 jako dobrovoln\u00edk tak\u00e9 zahrabat do sn\u011bhu, ale v&nbsp;nacvi\u010den\u00e9 akci z\u00e1chran\u00e1\u0159\u016f je to brnka\u010dka \u2013 dob\u0159e v\u00ed, \u017ee ho za chvilku najdou a vyhrabou. Z\u00e1chran\u00e1\u0159i z&nbsp;Horsk\u00e9 slu\u017eby se sna\u017e\u00ed takov\u00fdmi akcemi apelovat na n\u00e1v\u0161t\u011bvn\u00edky hor, aby byli opatrn\u00ed, dostate\u010dn\u011b se obl\u00e9kli a m\u011bli p\u0159im\u011b\u0159enou v\u00fdbavu, dali o sob\u011b v\u011bd\u011bt, ne\u017e se vydaj\u00ed na t\u00faru \u010di ly\u017ea\u0159skou v\u00fdpravu a tak\u00e9 aby sledovali po\u010das\u00ed a byli p\u0159ipraveni i na n\u00e1hl\u00e9 zm\u011bny. Kdy\u017e se dostanou do ohro\u017een\u00ed, aby nezmatkovali a vzpomn\u011bli si na z\u00e1sady, kter\u00e9 jim pomohou p\u0159e\u017e\u00edt.<\/p>\r\n<p>Kdo by byl \u0159ekl, \u017ee za p\u00e1r hodin se d\u011bti dostanou do \u00fazk\u00fdch a zakus\u00ed nejen sn\u011bhovou v\u00e1nici, bloud\u011bn\u00ed, zimu, tmu, hlad, strach, ale i lavinu, p\u0159i kter\u00e9 jde v\u0161ak o \u017eivot doslova ve vte\u0159in\u00e1ch.&nbsp; Nebudu prozrazovat, co v\u0161echno si d\u011bti pro\u017eij\u00ed a koho nakonec lavina smete, i kdy\u017e snad mohu prozradit, \u017ee v\u0161e dob\u0159e dopadne a nikdo nezem\u0159e.<\/p>\r\n<p>Kn\u00ed\u017eka&nbsp;<a href=\"https:\/\/www.knizniklub.cz\/knihy\/302614-nevinna-lavina.html\">Nevinn\u00e1 lavina<\/a>&nbsp;je vlastn\u011b p\u0159\u00edb\u011bhem o souh\u0159e hloup\u00fdch n\u00e1hod, kter\u00e9 se v\u0161ak mohou na hor\u00e1ch st\u00e1t komukoliv z&nbsp;v\u00e1s. Ur\u010dit\u011b je dobr\u00e9 b\u00fdt p\u0159ipraven\u00fd na hor\u0161\u00ed po\u010das\u00ed a dostate\u010dn\u011b vybaven\u00fd, db\u00e1t na prevenci a d\u00e1t o sob\u011b v\u011bd\u011bt. Na konci knihy najdete z\u00e1sady p\u0159e\u017eit\u00ed p\u0159i bloud\u011bn\u00ed v&nbsp;hor\u00e1ch a p\u0159i p\u00e1du laviny. Do pam\u011bti si vryjte \u010d\u00edslo 1210, na kter\u00e9m najdete pomoc z&nbsp;Horsk\u00e9 slu\u017eby.<\/p>\r\n<\/div>\r\n<div class=\"recenze-full user-recenze-full-cr-0 no-images\">&nbsp;<\/div>\r\n<div class=\"recenze-full user-recenze-full-cr-0 no-images\">\r\n<p><em>Autorkou recenze pro Kni\u017en\u00ed klub je Lucie Bedn\u00e1\u0159ov\u00e1<br><a href=\"https:\/\/www.knizniklub.cz\/knihy\/302614-nevinna-lavina.html#additional-info--content--recension\">https:\/\/www.knizniklub.cz\/knihy\/302614-nevinna-lavina.html#additional-info\u2013content\u2013recension<\/a><br><\/em><\/p>\r\n<p>RECENZE 2:<\/p>\r\n<p>Lucie Cooper pro Kosmas<br><a href=\"https:\/\/www.kosmas.cz\/knihy\/237485\/nevinna-lavina\/\">https:\/\/www.kosmas.cz\/knihy\/237485\/nevinna-lavina\/<\/a><\/p>\r\n<p>Kniha vych\u00e1zej\u00edc\u00ed v edici Gang odv\u00e1\u017en\u00fdch je o tom, jak lehce se z nevinn\u00e9ho v\u00fdletu stane po\u0159\u00e1dn\u00e9 dobrodru\u017estv\u00ed, ve kter\u00e9m v\u0161ak m\u016f\u017ee j\u00edt i o \u017eivot. \u0160estice kamar\u00e1d\u016f si u\u017e\u00edv\u00e1 na hor\u00e1ch, a i kdy\u017e vyraz\u00ed z jedn\u00e9 horsk\u00e9 chaty na druhou za p\u0159\u00edzniv\u00e9ho po\u010das\u00ed, zastihne je v\u00e1nice, musej\u00ed p\u0159enocovat v mrazu a dokonce jednoho z nich smete lavina. Nakonec v\u0161e dob\u0159e dopadne, nebojte se, ale je to boj, nap\u011bt\u00ed a bude v\u00e1m a\u017e \u00fazko.<br>Kniha je nap\u00ednav\u00e1, dobrodru\u017en\u00e1, m\u00e1 v sob\u011b pou\u010den\u00ed (sou\u010d\u00e1st\u00ed jsou pravidla pro p\u0159e\u017eit\u00ed na sn\u011bhu za r\u016fzn\u00fdch situac\u00ed). Ur\u010deno \u010dten\u00e1\u0159\u016fm ve v\u011bku cca 8-15 let. I v\u011bkov\u00e9 rozp\u011bt\u00ed d\u011btsk\u00fdch kamar\u00e1d\u016f z kn\u00ed\u017eky je podobn\u00e9. M\u00fdm dvan\u00e1ctilet\u00fdm kluk\u016fm se p\u0159\u00edb\u011bh moc l\u00edbil, proto\u017ee je dostate\u010dn\u011b ak\u010dn\u00ed.<\/p>\r\n<p>&nbsp;<\/p>\r\n<\/div>\r\n\r\n\r\n\r\n<p>&nbsp;<\/p>\r\n","protected":false},"excerpt":{"rendered":"<p>Mariana, Jon\u00e1\u0161, Tim, Hardy a dvoj\u010data Alfa a Beta se sj\u00ed\u017ed\u011bj\u00ed do Krkono\u0161, aby str\u00e1vili p\u0159\u00edjemn\u00fd t\u00fdden na ly\u017e\u00edch. Hned prvn\u00ed den se vydaj\u00ed na V\u00fdrovku, kde m\u00e1 b\u00fdt v\u011bt\u0161ina party ubytovan\u00e1. Kr\u00e1tk\u00e1 cesta se zm\u011bn\u00ed v ne\u010dekan\u00e9 drama prudk\u00fdm zvratem slune\u010dn\u00e9ho po\u010das\u00ed v husou sn\u011bhovou v\u00e1nici. Stm\u00edv\u00e1 se a chata je v nedohlednu. Na&#8230;<\/p>\n","protected":false},"author":1,"featured_media":0,"parent":0,"menu_order":0,"comment_status":"closed","ping_status":"closed","template":"","meta":{"ngg_post_thumbnail":0,"footnotes":""},"class_list":["post-26","page","type-page","status-publish","hentry"],"_links":{"self":[{"href":"https:\/\/www.gangodvaznych.cz\/index.php\/wp-json\/wp\/v2\/pages\/26","targetHints":{"allow":["GET"]}}],"collection":[{"href":"https:\/\/www.gangodvaznych.cz\/index.php\/wp-json\/wp\/v2\/pages"}],"about":[{"href":"https:\/\/www.gangodvaznych.cz\/index.php\/wp-json\/wp\/v2\/types\/page"}],"author":[{"embeddable":true,"href":"https:\/\/www.gangodvaznych.cz\/index.php\/wp-json\/wp\/v2\/users\/1"}],"replies":[{"embeddable":true,"href":"https:\/\/www.gangodvaznych.cz\/index.php\/wp-json\/wp\/v2\/comments?post=26"}],"version-history":[{"count":15,"href":"https:\/\/www.gangodvaznych.cz\/index.php\/wp-json\/wp\/v2\/pages\/26\/revisions"}],"predecessor-version":[{"id":1001,"href":"https:\/\/www.gangodvaznych.cz\/index.php\/wp-json\/wp\/v2\/pages\/26\/revisions\/1001"}],"wp:attachment":[{"href":"https:\/\/www.gangodvaznych.cz\/index.php\/wp-json\/wp\/v2\/media?parent=26"}],"curies":[{"name":"wp","href":"https:\/\/api.w.org\/{rel}","templated":true}]}}