{"id":32,"date":"2019-03-23T10:50:21","date_gmt":"2019-03-23T10:50:21","guid":{"rendered":"http:\/\/www.gangodvaznych.cz\/?page_id=32"},"modified":"2019-05-03T13:49:26","modified_gmt":"2019-05-03T13:49:26","slug":"ztraceni-ve-vlnach","status":"publish","type":"page","link":"https:\/\/www.gangodvaznych.cz\/index.php\/ztraceni-ve-vlnach\/","title":{"rendered":"GO! &#8211; Ztraceni ve vln\u00e1ch"},"content":{"rendered":"\r\n<div class=\"wp-block-image\">\r\n<figure class=\"alignleft is-resized\"><img loading=\"lazy\" decoding=\"async\" class=\"wp-image-401\" src=\"http:\/\/www.gangodvaznych.cz\/wp-content\/uploads\/2019\/03\/Ztraceni-ve-vlnach_-obalka-690x1024.jpg\" alt=\"\" width=\"321\" height=\"475\" srcset=\"https:\/\/www.gangodvaznych.cz\/wp-content\/uploads\/2019\/03\/Ztraceni-ve-vlnach_-obalka-690x1024.jpg 690w, https:\/\/www.gangodvaznych.cz\/wp-content\/uploads\/2019\/03\/Ztraceni-ve-vlnach_-obalka-202x300.jpg 202w, https:\/\/www.gangodvaznych.cz\/wp-content\/uploads\/2019\/03\/Ztraceni-ve-vlnach_-obalka-768x1140.jpg 768w, https:\/\/www.gangodvaznych.cz\/wp-content\/uploads\/2019\/03\/Ztraceni-ve-vlnach_-obalka.jpg 1831w\" sizes=\"auto, (max-width: 321px) 100vw, 321px\" \/><\/figure>\r\n<\/div>\r\n\r\n<p>Poklidn\u00e1 plavba velk\u00e9 zaoce\u00e1nsk\u00e9 lodi pluj\u00edc\u00ed pod\u00e9l Baham se pro \u0161est d\u011bt\u00ed ve v\u011bku 10 a\u017e 16 let r\u00e1zem zm\u011bn\u00ed v boj&nbsp;o hol\u00fd \u017eivot na z\u00e1chrann\u00e9m nafukovac\u00edm ostr\u016fvku un\u00e1\u0161en\u00e9m na \u0161ir\u00e9 mo\u0159e.<\/p>\r\n<p>&nbsp;<\/p>\r\n<p>&nbsp;<\/p>\r\n<p>&nbsp;<\/p>\r\n<p>&nbsp;<\/p>\r\n<p>&nbsp;<\/p>\r\n<p>&nbsp;<\/p>\r\n<p>&nbsp;<\/p>\r\n<p>&nbsp;<\/p>\r\n<p>&nbsp;<\/p>\r\n<p>&nbsp;<\/p>\r\n\r\n<ul class=\"wp-block-list\">\r\n<li>Rok vyd\u00e1n\u00ed: 2017<\/li>\r\n<li>Naps\u00e1no: 2016<\/li>\r\n<li>Stran:&nbsp;112<\/li>\r\n<li>\u017d\u00e1nr:&nbsp;dobrodru\u017en\u00e9 p\u0159\u00edb\u011bhy<\/li>\r\n<li>Ilustr\u00e1tor:&nbsp;Maty\u00e1\u0161 Namai<\/li>\r\n<li>Nakladatel:&nbsp;Albatros<\/li>\r\n<li>N\u00e1klad: \/<\/li>\r\n<li>ISBN&nbsp;978-80-00-04773-7<\/li>\r\n<li>Pozn\u00e1mka 1: Prvn\u00ed kniha ze s\u00e9rie&nbsp;<em>GO!<\/em>&nbsp;(Gang odv\u00e1\u017en\u00fdch). Dal\u0161\u00ed d\u00edly:&nbsp;<em><a href=\"http:\/\/www.brezinova.cz\/go-nevinna-lavina\/\">Nevinn\u00e1 lavina<\/a>,&nbsp;<a href=\"http:\/\/www.brezinova.cz\/go-ve-sparech-dzungle\/\">Ve sp\u00e1rech d\u017eungle<\/a><\/em><\/li>\r\n<li>Pozn\u00e1mka 2: Sou\u010d\u00e1st\u00ed knihy jsou Z\u00e1sady p\u0159e\u017eit\u00ed p\u0159i ztroskot\u00e1n\u00ed na mo\u0159i<\/li>\r\n<\/ul>\r\n<div class=\"entry-content\">\r\n<p>ANOTACE:<\/p>\r\n<p>Poklidnou plavbu velk\u00e9 zaoce\u00e1nsk\u00e9 lod\u011b p\u0159eru\u0161\u00ed jedn\u00e9 noci pronikav\u00fd zvuk sir\u00e9ny. Ho\u0159\u00ed! Mariana se probud\u00ed a vyhl\u00e9dne ven. Cestuj\u00edc\u00ed vyb\u00edhaj\u00ed z kajut a sna\u017e\u00ed se prodrat na horn\u00ed palubu. Nast\u00e1v\u00e1 chaos a panika. Marian\u011b se poda\u0159\u00ed zachr\u00e1nit se v&nbsp;mal\u00e9m nafukovac\u00edm \u010dlunu spolu s \u010desk\u00fdmi kamar\u00e1dy, kter\u00e9 teprve v\u010dera poznala na pir\u00e1tsk\u00e9 p\u00e1rty. Ale jsou skute\u010dn\u011b zachr\u00e1n\u011bn\u00ed? V\u017edy\u0165 drav\u00e9 vlny uchv\u00e1tily \u010dlun a Marianu, Jon\u00e1\u0161e, Tima, Hardyho a dvoj\u010data Alfu a Betu un\u00e1\u0161ej\u00ed na \u0161ir\u00e9 mo\u0159e. Zvl\u00e1dne tahle \u0161estice nebezpe\u010dn\u00e9 p\u0159ek\u00e1\u017eky a obstoj\u00ed v&nbsp;ne\u010dekan\u00fdch a strastipln\u00fdch okam\u017eic\u00edch? A v\u016fbec \u2013 p\u0159e\u017eij\u00ed?<\/p>\r\n<p>MAPA OBLASTI, KDE SE P\u0158\u00cdB\u011aH ODEHR\u00c1V\u00c1:<\/p>\r\n<p><a href=\"http:\/\/www.brezinova.cz\/go-ztraceni-ve-vlnach\/ztraceni-ve-vlnach_mapa-2\/\" rel=\"attachment wp-att-8002\"><img loading=\"lazy\" decoding=\"async\" class=\"alignnone wp-image-8002\" src=\"http:\/\/www.brezinova.cz\/wp-content\/uploads\/2017\/08\/Ztraceni-ve-vln%C3%A1ch_mapa-1.jpg\" sizes=\"auto, (max-width: 626px) 100vw, 626px\" srcset=\"http:\/\/www.brezinova.cz\/wp-content\/uploads\/2017\/08\/Ztraceni-ve-vln\u00e1ch_mapa-1.jpg 2107w, http:\/\/www.brezinova.cz\/wp-content\/uploads\/2017\/08\/Ztraceni-ve-vln\u00e1ch_mapa-1-300x229.jpg 300w, http:\/\/www.brezinova.cz\/wp-content\/uploads\/2017\/08\/Ztraceni-ve-vln\u00e1ch_mapa-1-768x587.jpg 768w, http:\/\/www.brezinova.cz\/wp-content\/uploads\/2017\/08\/Ztraceni-ve-vln\u00e1ch_mapa-1-1024x783.jpg 1024w, http:\/\/www.brezinova.cz\/wp-content\/uploads\/2017\/08\/Ztraceni-ve-vln\u00e1ch_mapa-1-624x477.jpg 624w\" alt=\"\" width=\"626\" height=\"478\"><\/a><\/p>\r\n<p>UK\u00c1ZKA:<\/p>\r\n<p>\u201eLidi, j\u00e1 bych pil,\u201c hlesl Jon\u00e1\u0161.<\/p>\r\n<p>Mariana si ml\u010dky ol\u00edzla rty. S\u016fl. Jak je to dlouho, co se s&nbsp;Jon\u00e1\u0161em proh\u00e1n\u011bli na palub\u011b lodi na inlajnech? Sto let? Dv\u011b st\u011b? Taky si tehdy sl\u00edzla ze rt\u016f s\u016fl. Jen\u017ee v\u0161ude kolem byly bary a restaurace pln\u00e9 j\u00eddla a pit\u00ed. Baz\u00e9ny s&nbsp;teplou sladkou vodou, v\u00ed\u0159ivky a mas\u00e1\u017ee. Kajuty se sprchou a pohodln\u00fdm l\u016f\u017ekem. Spousta sv\u011btel a spousta lid\u00ed. M\u00e1ma.<\/p>\r\n<p>Mariana namo\u010dila \u0161\u00e1tek do vody, vy\u017ed\u00edmala ho a mokr\u00fd si ho pl\u00e1cla na z\u00e1tylek. Aspo\u0148 chv\u00edli p\u0159\u00edjemn\u011b chladil. Jon\u00e1\u0161 ud\u011blal tot\u00e9\u017e s&nbsp;pono\u017ekou. Nejrad\u0161i by si nohy p\u0159ehodil p\u0159es okraj \u010dlunu a m\u00e1\u010del si je. Ale m\u011bl natolik rozum, aby t\u00e9hle touze nepodlehl. Pou\u017e\u00edvat svoje nohy jako n\u00e1vnadu pro kdov\u00edjak\u00e9ho hladov\u00e9ho tvora se mu opravdu necht\u011blo.<\/p>\r\n<p>\u201eM\u00e1m \u017e\u00edze\u0148,\u201c za\u0161eptal Tim okoral\u00fdmi rty.<\/p>\r\n<p>\u201eZkus sp\u00e1t,\u201c poradila mu Mariana. \u201eV\u0161ichni zkuste. Vezmu si hl\u00eddku.\u201c<\/p>\r\n<p>\u201eVe\u010der rozd\u011bl\u00edme prvn\u00ed p\u0159\u00edd\u011bl vody,\u201c ozval se Hardy ochrapt\u011ble. \u201eA\u0165 u\u017e n\u00e1s do ve\u010dera najdou, nebo ne. Ve\u010der se napijeme. Souhlas\u00edte?\u201c<\/p>\r\n<p>Ml\u010dky p\u0159ik\u00fdvli. Beta mlaskla ze sp\u00e1nku. Mo\u017en\u00e1 u\u017e se j\u00ed zd\u00e1lo, \u017ee pije.<\/p>\r\n<p>\u00danavou usnuli skoro okam\u017eit\u011b. Timovi se na z\u00e1dech vyhrnulo pruhovan\u00e9 tri\u010dko pir\u00e1tsk\u00e9ho kost\u00fdmu, tak ho Mariana p\u0159ikryla sv\u00fdm \u0161\u00e1tkem, aby se nesp\u00e1lil. Jen se mali\u010dko pohnul a zavrn\u011bl jako mimino.<\/p>\r\n<p>Kolik \u017ee mu je? Vlastn\u011b o sob\u011b skoro nic nev\u011bd\u00ed. Mus\u00ed se ho zeptat, a\u017e bude vzh\u016fru.<\/p>\r\n<p>\u010clun se pohupoval na vln\u00e1ch vl\u00e1\u010dn\u00fdmi rovnom\u011brn\u00fdmi pohyby. Marianu to ukol\u00e9b\u00e1valo ke sp\u00e1nku.<\/p>\r\n<p><a href=\"http:\/\/www.brezinova.cz\/go-ztraceni-ve-vlnach\/v-ostruvku\/\" rel=\"attachment wp-att-7997\"><img loading=\"lazy\" decoding=\"async\" class=\"alignnone wp-image-7997\" src=\"http:\/\/www.brezinova.cz\/wp-content\/uploads\/2017\/08\/v-ostr%C5%AFvku-e1503496708519.jpg\" sizes=\"auto, (max-width: 424px) 100vw, 424px\" srcset=\"http:\/\/www.brezinova.cz\/wp-content\/uploads\/2017\/08\/v-ostr\u016fvku-e1503496708519.jpg 905w, http:\/\/www.brezinova.cz\/wp-content\/uploads\/2017\/08\/v-ostr\u016fvku-e1503496708519-300x234.jpg 300w, http:\/\/www.brezinova.cz\/wp-content\/uploads\/2017\/08\/v-ostr\u016fvku-e1503496708519-768x598.jpg 768w, http:\/\/www.brezinova.cz\/wp-content\/uploads\/2017\/08\/v-ostr\u016fvku-e1503496708519-624x486.jpg 624w\" alt=\"\" width=\"424\" height=\"331\"><\/a><\/p>\r\n<p>\u201eNesm\u00edm usnout. M\u00e1m hl\u00eddku. Nesm\u00edm,\u201c mumlala si potichu.<\/p>\r\n<p>Namo\u010dila si ruk\u00e1v mikiny a jako \u017e\u00ednkou si j\u00edm t\u0159ela sp\u00e1nky a \u010delo. Trochu si vodou navlh\u010dila i rty, ale jen to rozn\u00edtilo jejich vyprahlost.<\/p>\r\n<p>Slunce j\u00ed \u017ehav\u011b \u0161\u00edlelo skoro nad hlavou. Poledne. P\u0159el\u00e9tla o\u010dima obzor. Mod\u0159 jasn\u00e9 oblohy se tam k\u0159ehce st\u00fdkala s&nbsp;mod\u0159\u00ed mo\u0159e. Jinak nic zvl\u00e1\u0161tn\u00edho. Nic neobvykl\u00e9ho. Nic, co by znamenalo z\u00e1chranu. Jen voda. Tak neskute\u010dn\u00e9 mno\u017estv\u00ed vody kolem, a \u010dlov\u011bk se j\u00ed nem\u016f\u017ee nap\u00edt. Nebo m\u016f\u017ee\u2026 ale pak se upije k&nbsp;smrti. Jen hrstka trose\u010dn\u00edk\u016f pop\u00edjela mo\u0159skou vodu a nezabilo je to. Voda. Sam\u00e1 voda\u2026 p\u0159iho\u0159\u00edv\u00e1\u2026 ho\u0159\u00ed!<\/p>\r\n<p>Pohled j\u00ed padl na l\u00e1hev s&nbsp;vodou. S&nbsp;jejich jedinou pitnou vodou. Kolem hrdla m\u011bla pevn\u011b omotanou \u0161\u0148\u016fru, kterou byla p\u0159iv\u00e1zan\u00e1 k jednomu z&nbsp;\u00fachyt\u016f.<\/p>\r\n<p>Chud\u00e1k l\u00e1hev, ten provaz kolem krku j\u00ed mus\u00ed \u0161krtit, napadlo Marianu. M\u011bla by ji osvobodit. Sundat \u0161\u0148\u016fru z hrdla. Otev\u0159\u00edt z\u00e1tku. Nechat l\u00e1hev nadechnout. Nap\u00edt se. Nap\u00edt se! Nap\u00edt se!!<\/p>\r\n<p>Mariana zavrt\u011bla tak prudce hlavou, a\u017e ji vlasy nas\u00e1kl\u00e9 sol\u00ed ost\u0159e sekaly do tv\u00e1\u0159\u00ed. Jako d\u016ftky, uv\u011bdomila si. Trest\u00e1m se za to, \u017ee chci p\u00edt. Musela p\u0159elud zahnat. Vid\u011bt v&nbsp;l\u00e1hvi znovu jen l\u00e1hev.<\/p>\r\n<p>Povedlo se. Jen\u017ee l\u00e1hev, kter\u00e1 p\u0159ed n\u00ed le\u017eela na dosah ruky, byla pln\u00e1 pitn\u00e9 vody. A Marianino t\u011blo tolik cht\u011blo p\u00edt, tolik!<\/p>\r\n<p>Co by se vlastn\u011b stalo, kdybych l\u00e1hev otev\u0159ela? Jen malinko. Jen jeden dou\u0161ek. Ne, p\u016fl dou\u0161ku. Nic by nepoznali. Nebo poznali, proto\u017ee by strhla uz\u00e1v\u011br. A co? M\u00e1 hl\u00eddku. Je vy\u010derpan\u011bj\u0161\u00ed ne\u017e ostatn\u00ed. M\u00e1 pr\u00e1vo! M\u00e1 pr\u00e1vo?<\/p>\r\n<p>Znovu se pod\u00edvala na obzor a vzru\u0161en\u011b poposedla. To je\u2026 to je\u2026<\/p>\r\n<p>&nbsp;<\/p>\r\n<p><a href=\"http:\/\/www.brezinova.cz\/go-ztraceni-ve-vlnach\/zasady_preziti-copy\/\" rel=\"attachment wp-att-7995\"><img loading=\"lazy\" decoding=\"async\" class=\"wp-image-7995 alignleft\" src=\"http:\/\/www.brezinova.cz\/wp-content\/uploads\/2017\/08\/Zasady_preziti-copy.jpg\" sizes=\"auto, (max-width: 217px) 100vw, 217px\" srcset=\"http:\/\/www.brezinova.cz\/wp-content\/uploads\/2017\/08\/Zasady_preziti-copy.jpg 1713w, http:\/\/www.brezinova.cz\/wp-content\/uploads\/2017\/08\/Zasady_preziti-copy-198x300.jpg 198w, http:\/\/www.brezinova.cz\/wp-content\/uploads\/2017\/08\/Zasady_preziti-copy-768x1165.jpg 768w, http:\/\/www.brezinova.cz\/wp-content\/uploads\/2017\/08\/Zasady_preziti-copy-675x1024.jpg 675w, http:\/\/www.brezinova.cz\/wp-content\/uploads\/2017\/08\/Zasady_preziti-copy-624x946.jpg 624w\" alt=\"\" width=\"217\" height=\"329\"><\/a><\/p>\r\n<p>P\u0159e\u017eil bys situaci, do jak\u00e9 se dostal Gang odv\u00e1\u017en\u00fdch? Pro jistotu si v z\u00e1v\u011bru knihy prostuduj Z\u00e1sady p\u0159e\u017eit\u00ed p\u0159i ztroskot\u00e1n\u00ed na mo\u0159i.<\/p>\r\n<\/div>\r\n<p>&nbsp;<\/p>\r\n<div class=\"entry-content\">\r\n<p>K\u0158EST KNIHY<br>14. 9. 2017 \u2013 v\u00edce&nbsp;<a href=\"http:\/\/www.kmc.cz\/krtili-jsme-novou-knihu-ztraceni-ve-vlnach.html\">zde<\/a>.<\/p>\r\n<p>RECENZE 1:<\/p>\r\n<h4><a href=\"https:\/\/www.knizniklub.cz\/literarni-kavarna\/recenze\/ztraceni-ve-vlnach.html\">\u010cten\u00e1\u0159sk\u00e1 recenze: Ivona B\u0159ezinov\u00e1 \u2013 Ztraceni ve vln\u00e1ch<\/a><\/h4>\r\n<p><span class=\"a-item__create-date\">10.5.2018<\/span><\/p>\r\n<p>Na palub\u011b ob\u0159\u00ed lodi pluj\u00edc\u00ed z Floridy kolem Baham a d\u00e1l do Portorika ub\u00edhaj\u00ed pr\u00e1zdniny velmi pomalu. Ka\u017ed\u00fd je tr\u00e1v\u00ed po sv\u00e9m. Nav\u00edc je tam v\u0161echno, na\u010d jen pomysl\u00edte. Baz\u00e9ny, restaurace, kina, h\u0159i\u0161t\u011b, posilovna, dokonce i ov\u00e1l pro inline bruslen\u00ed. A pr\u00e1v\u011b tam se sezn\u00e1m\u00ed dva \u010ce\u0161i, Mariana s Jon\u00e1\u0161em. \u017de budou m\u00edt za chvilku k sob\u011b bl\u00ed\u017e, ne\u017e si mysleli, si ani jeden nep\u0159edstavoval.<\/p>\r\n<div class=\"recenze-full user-recenze-full-cr-0 no-images\">\r\n<p>Kn\u00ed\u017eka&nbsp;<a href=\"https:\/\/www.knizniklub.cz\/knihy\/255908-ztraceni-ve-vlnach.html\">Ztraceni ve vln\u00e1ch<\/a>je dobrodru\u017estv\u00edm \u0161estice d\u011bt\u00ed a teenager\u016f, kte\u0159\u00ed se p\u0159i evakuaci zaoce\u00e1nsk\u00e9 lod\u011b dostanou do velice nez\u00e1vid\u011bn\u00edhodn\u00e9 situace a vysn\u011bn\u00e9 pr\u00e1zdniny se pro n\u011b stanou bojem o hol\u00fd \u017eivot. Na palub\u011b lodi toti\u017e vypukne po\u017e\u00e1r, je vyhl\u00e1\u0161en poplach a je t\u0159eba se okam\u017eit\u011b evakuovat. Mariana ani Jon\u00e1\u0161 u\u017e se nemohou vr\u00e1tit zp\u00e1tky do kajuty ke sv\u00fdm rodi\u010d\u016fm, a nezb\u00fdv\u00e1 jim, ne\u017e poslechnout pos\u00e1dku a nalodit se na z\u00e1chrann\u00fd \u010dlun s&nbsp;n\u011bkolika dal\u0161\u00edmi lidmi. Jen\u017ee \u010dlun je praskl\u00fd a v\u0161ichni mus\u00ed do vody. N\u00e1mo\u0159n\u00edk na posledn\u00ed chv\u00edli vyt\u00e1hne z&nbsp;pot\u00e1p\u011bj\u00edc\u00edho se \u010dlunu z\u00e1chrann\u00fd plovouc\u00ed ostr\u016fvek, na kter\u00fd se nalod\u00ed v\u0161echny d\u011bti, kter\u00e9 byly p\u0159edt\u00edm na \u010dlunu. Mariana, Jon\u00e1\u0161, mal\u00fd Tim a dvoj\u010data Alfa a Beta (Alfr\u00e9da a Al\u017eb\u011bta) se sv\u00fdm velk\u00fdm br\u00e1chou Hardym. Do toho se zvedne prudk\u00fd v\u00edtr a vm\u017eiku odnese ostr\u016fvek pry\u010d. D\u011bti jsou vyd\u00e1ny napospas b\u011bsn\u00edc\u00edmu oce\u00e1nu a musej\u00ed se postarat samy o sebe. Spoj\u00ed sv\u00e9 s\u00edly, podporuj\u00ed jeden druh\u00e9ho fyzicky i psychicky, ale maj\u00ed jen skrovn\u00e9 z\u00e1soby a p\u00e1r hlt\u016f vody a ty nevydr\u017e\u00ed v\u011b\u010dn\u011b. Bou\u0159e se sice zti\u0161\u00ed, ale nastoup\u00ed v\u0161e spaluj\u00edc\u00ed \u017e\u00e1r, d\u011bti maj\u00ed \u017e\u00edze\u0148 a hlad a jsou na pokraji vy\u010derp\u00e1n\u00ed. Nejednou to vypad\u00e1, \u017ee je v\u0161e ztraceno\u2026<br>A jak to v\u0161echno nakonec dopadne? O tom se do\u010dtete v&nbsp;t\u00e9hle nap\u00ednav\u00e9 kn\u00ed\u017ece.<\/p>\r\n<p><a href=\"https:\/\/www.knizniklub.cz\/knihy\/255908-ztraceni-ve-vlnach.html\">Ztraceni ve vln\u00e1ch<\/a>je p\u0159\u00edb\u011bhem, ze kter\u00e9ho je t\u0159eba vz\u00edt si ponau\u010den\u00ed. Nikdy toti\u017e nev\u00edte, kdy se v\u00e1m budou cenn\u00e9 rady hodit a kdy v\u00e1m i zd\u00e1nliv\u00e1 mali\u010dkost m\u016f\u017ee zachr\u00e1nit \u017eivot. Do prek\u00e9rn\u00ed situace se toti\u017e m\u016f\u017eete dostat velmi rychle a jsou situace, kter\u00e9 nelze dop\u0159edu zcela p\u0159edv\u00eddat. Nikdy proto nepodce\u0148ujte informace o bezpe\u010dnosti i po\u010das\u00ed, a pokud se dostanete do probl\u00e9m\u016f, sna\u017ete se vzpomenout na v\u0161echno d\u016fle\u017eit\u00e9, co jste se dozv\u011bd\u011bli. V\u017edy si vyslechn\u011bte bezpe\u010dnostn\u00ed pokyny a dbejte na prevenci.<\/p>\r\n<p>Vych\u00e1z\u00ed v&nbsp;edici&nbsp;<a href=\"https:\/\/www.knizniklub.cz\/serie\/4818-go-gang-odvaznych.html\">Gang odv\u00e1\u017en\u00fdch \u2013 GO!<\/a>, ve kter\u00e9 dosud vy\u0161ly knihy&nbsp;<a href=\"https:\/\/www.knizniklub.cz\/knihy\/302614-nevinna-lavina.html\">Nevinn\u00e1 lavina<\/a>&nbsp;a&nbsp;<a href=\"https:\/\/www.knizniklub.cz\/knihy\/331302-ve-sparech-dzungle.html\">Ve sp\u00e1rech d\u017eungle<\/a>. V&nbsp;nich se op\u011bt setk\u00e1te s&nbsp;povedenou \u0161estic\u00ed d\u011bt\u00ed, kter\u00e9 se nejen d\u00edky divok\u00e9 p\u0159\u00edrod\u011b dostanou do situac\u00ed, kter\u00e9 si p\u0159edem nevybraly a kdy jde o hol\u00fd \u017eivot.Kn\u00ed\u017eku jsem po\u0159\u00eddila sv\u00fdm dvan\u00e1ctilet\u00fdm kluk\u016fm, dvoj\u010dat\u016fm. Sto str\u00e1nek hrav\u011b p\u0159e\u010detli a moc m\u011b pot\u011b\u0161ilo, \u017ee se sna\u017eili sami p\u0159ij\u00edt na bezpe\u010dnostn\u00ed pravidla a z\u00e1sady p\u0159e\u017eit\u00ed.<\/p>\r\n<p>Autorkou je&nbsp;<a href=\"https:\/\/www.knizniklub.cz\/autori\/3743-ivona-brezinova.html\">Ivona B\u0159ezinov\u00e1<\/a>, zku\u0161en\u00e1 spisovatelka knih pro d\u011bti a ml\u00e1de\u017e, kter\u00fdch m\u00e1 na sv\u00e9m kont\u011b ji\u017e v\u00edce ne\u017e stovku. Knihy z&nbsp;edice Gang odv\u00e1\u017en\u00fdch jsou ide\u00e1ln\u00ed pro pr\u00e1zdninov\u00e9 \u010dten\u00ed.<\/p>\r\n<p><em>Autorkou recenze pro Kni\u017en\u00ed klub je Lucie Bedn\u00e1\u0159ov\u00e1<br><a href=\"https:\/\/www.knizniklub.cz\/knihy\/255908-ztraceni-ve-vlnach.html#additional-info--content--recension\">https:\/\/www.knizniklub.cz\/knihy\/255908-ztraceni-ve-vlnach.html#additional-info\u2013content\u2013recension<\/a><br><\/em><\/p>\r\n<p>RECENZE 2:<br>Lucie Cooper (recenze Kosmas)<\/p>\r\n<p><a href=\"https:\/\/www.kosmas.cz\/knihy\/233533\/ztraceni-ve-vlnach\/\">https:\/\/www.kosmas.cz\/knihy\/233533\/ztraceni-ve-vlnach\/<\/a><\/p>\r\n<p>P\u0159\u00edb\u011bh o tom, jak se z v\u00fdletu na luxusn\u00ed zaoce\u00e1nsk\u00e9 lodi za p\u00e1r minut stane boj o \u017eivot, kdy\u017e je z\u00e1chrann\u00fd \u010dlun s d\u011btmi unesen v bou\u0159ce na \u0161ir\u00e9 mo\u0159e. V\u0161echno za\u010dne nevinn\u011b po\u017e\u00e1rem v \u010d\u00e1sti ob\u0159\u00ed lodi, nastane panika a je t\u0159eba se nalodit na \u010dluny. Zafouk\u00e1 v\u011bt\u0159\u00edk a u\u017e se vezete. \u0160estice d\u011bt\u00ed je nucena spolupracovat a zachr\u00e1nit si tak vlastn\u00ed \u017eivot. D\u00edky velk\u00e9mu odhodl\u00e1n\u00ed, a i racion\u00e1ln\u00edmu vyhodnocen\u00ed situace, kdy je t\u0159eba zachovat klid i p\u0159es nep\u0159\u00edze\u0148 osudu, nedostatek j\u00eddla i vody, nep\u0159\u00edzniv\u00e9 po\u010das\u00ed a nejist\u00fd osud, v\u0161ak nakonec v\u0161echno dob\u0159e dopadne. Ale je to boj! S p\u0159\u00edrodou i se sebou sam\u00fdmi. H\u00f3oodn\u011b dobrodru\u017en\u00e1 kn\u00ed\u017eka pro d\u011bti o tom, jak se zachovat v kritick\u00e9 situaci na mo\u0159i. Nechyb\u00ed ani pravidla pro p\u0159e\u017eit\u00ed. M\u00fdm d\u011btem se to moc l\u00edbilo.<\/p>\r\n<\/div>\r\n<\/div>\r\n<footer class=\"entry-meta\">P\u0159\u00edsp\u011bvek byl publikov\u00e1n&nbsp;<a title=\"15.59\" href=\"http:\/\/www.brezinova.cz\/go-ztraceni-ve-vlnach\/\" rel=\"bookmark\"><time class=\"entry-date\" datetime=\"2017-08-23T15:59:13+00:00\">23.8.2017<\/time><\/a>&nbsp;| Rubrika:&nbsp;<a href=\"http:\/\/www.brezinova.cz\/category\/knihy\/\" rel=\"category tag\">Knihy<\/a>&nbsp;| \u0160t\u00edtky:&nbsp;<a href=\"http:\/\/www.brezinova.cz\/tag\/dobrodruzna-literatura\/\" rel=\"tag\">dobrodru\u017en\u00e1 literatura<\/a>,&nbsp;<a href=\"http:\/\/www.brezinova.cz\/tag\/evakuace-lodi\/\" rel=\"tag\">evakuace lodi<\/a>,&nbsp;<a href=\"http:\/\/www.brezinova.cz\/tag\/go\/\" rel=\"tag\">GO!<\/a>,&nbsp;<a href=\"http:\/\/www.brezinova.cz\/tag\/matyas-namai\/\" rel=\"tag\">Maty\u00e1\u0161 Namai<\/a>,&nbsp;<a href=\"http:\/\/www.brezinova.cz\/tag\/preziti\/\" rel=\"tag\">p\u0159e\u017eit\u00ed<\/a>,&nbsp;<a href=\"http:\/\/www.brezinova.cz\/tag\/zachranny-ostruvek\/\" rel=\"tag\">z\u00e1chrann\u00fd ostr\u016fvek<\/a>,&nbsp;<a href=\"http:\/\/www.brezinova.cz\/tag\/ztroskotani-na-mori\/\" rel=\"tag\">ztroskot\u00e1n\u00ed na mo\u0159i<\/a><span class=\"by-author\">&nbsp;| Autor:&nbsp;<span class=\"author vcard\"><a class=\"url fn n\" title=\"Zobrazit v\u0161echny p\u0159\u00edsp\u011bvky, jejich\u017e autorem je Ivona\" href=\"http:\/\/www.brezinova.cz\/author\/ivona\/\" rel=\"author\">Ivona<\/a><\/span><\/span>.<\/footer>","protected":false},"excerpt":{"rendered":"<p>Poklidn\u00e1 plavba velk\u00e9 zaoce\u00e1nsk\u00e9 lodi pluj\u00edc\u00ed pod\u00e9l Baham se pro \u0161est d\u011bt\u00ed ve v\u011bku 10 a\u017e 16 let r\u00e1zem zm\u011bn\u00ed v boj&nbsp;o hol\u00fd \u017eivot na z\u00e1chrann\u00e9m nafukovac\u00edm ostr\u016fvku un\u00e1\u0161en\u00e9m na \u0161ir\u00e9 mo\u0159e. &nbsp; &nbsp; &nbsp; &nbsp; &nbsp; &nbsp; &nbsp; &nbsp; &nbsp; &nbsp; Rok vyd\u00e1n\u00ed: 2017 Naps\u00e1no: 2016 Stran:&nbsp;112 \u017d\u00e1nr:&nbsp;dobrodru\u017en\u00e9 p\u0159\u00edb\u011bhy Ilustr\u00e1tor:&nbsp;Maty\u00e1\u0161 Namai Nakladatel:&nbsp;Albatros N\u00e1klad: \/&#8230;<\/p>\n","protected":false},"author":1,"featured_media":0,"parent":0,"menu_order":0,"comment_status":"closed","ping_status":"closed","template":"","meta":{"ngg_post_thumbnail":0,"footnotes":""},"class_list":["post-32","page","type-page","status-publish","hentry"],"_links":{"self":[{"href":"https:\/\/www.gangodvaznych.cz\/index.php\/wp-json\/wp\/v2\/pages\/32","targetHints":{"allow":["GET"]}}],"collection":[{"href":"https:\/\/www.gangodvaznych.cz\/index.php\/wp-json\/wp\/v2\/pages"}],"about":[{"href":"https:\/\/www.gangodvaznych.cz\/index.php\/wp-json\/wp\/v2\/types\/page"}],"author":[{"embeddable":true,"href":"https:\/\/www.gangodvaznych.cz\/index.php\/wp-json\/wp\/v2\/users\/1"}],"replies":[{"embeddable":true,"href":"https:\/\/www.gangodvaznych.cz\/index.php\/wp-json\/wp\/v2\/comments?post=32"}],"version-history":[{"count":12,"href":"https:\/\/www.gangodvaznych.cz\/index.php\/wp-json\/wp\/v2\/pages\/32\/revisions"}],"predecessor-version":[{"id":1032,"href":"https:\/\/www.gangodvaznych.cz\/index.php\/wp-json\/wp\/v2\/pages\/32\/revisions\/1032"}],"wp:attachment":[{"href":"https:\/\/www.gangodvaznych.cz\/index.php\/wp-json\/wp\/v2\/media?parent=32"}],"curies":[{"name":"wp","href":"https:\/\/api.w.org\/{rel}","templated":true}]}}